{"id":57320,"date":"2024-02-11T23:33:12","date_gmt":"2024-02-11T22:33:12","guid":{"rendered":"https:\/\/www.o-p-i.fr\/parlonsen\/?page_id=57320"},"modified":"2025-12-13T13:04:55","modified_gmt":"2025-12-13T12:04:55","slug":"accueil-2","status":"publish","type":"page","link":"https:\/\/www.o-p-i.fr\/parlonsen\/","title":{"rendered":"Parlons-En ! &#8211; Les derni\u00e8res actualit\u00e9s du Pays des Tescou&rsquo;s"},"content":{"rendered":"<div id=\"pl-57320\"  class=\"panel-layout\" ><div id=\"pg-57320-0\"  class=\"panel-grid panel-no-style\" ><div id=\"pgc-57320-0-0\"  class=\"panel-grid-cell\" ><div id=\"panel-57320-0-0-0\" class=\"widget_text so-panel widget widget_custom_html panel-first-child widgetopts-SO\" data-index=\"0\" ><div class=\"textwidget custom-html-widget\"><p>Bienvenue sur le site d'informations locales Parlons-En ! du pays des Tescou's.<\/p><\/div><\/div><div id=\"panel-57320-0-0-1\" class=\"so-panel widget widget_mh_posts_list mh_posts_list widgetopts-SO\" data-index=\"1\" ><h3 class=\"widget-title\">P&rsquo;tit Edito<\/h3><div class=\"mh-posts-list-widget mh-posts-list-hide-caption\">\n<article class=\"mh-posts-list-item clearfix post-68169 post type-post status-publish format-standard has-post-thumbnail category-editorial category-n-237-decembre-2025 tag-nature tag-pantes-sauvages\">\r\n\t<figure class=\"mh-posts-list-thumb\">\r\n\t\t<a class=\"mh-thumb-icon mh-thumb-icon-small-mobile\" href=\"https:\/\/www.o-p-i.fr\/parlonsen\/parlons-en\/editorial\/lepilobe-a-grandes-fleurs-flamme-des-zones-humides\/\" title=\"P&#039;tit Edito\"><img loading=\"lazy\" decoding=\"async\" width=\"326\" height=\"245\" src=\"https:\/\/i0.wp.com\/www.o-p-i.fr\/parlonsen\/wp-content\/uploads\/2026-01-15-photo-edito-epilobe-grandes-fleurs-scaled.jpg?resize=326%2C245&amp;ssl=1\" class=\"attachment-mh-magazine-medium size-mh-magazine-medium wp-post-image\" alt=\"\" srcset=\"https:\/\/i0.wp.com\/www.o-p-i.fr\/parlonsen\/wp-content\/uploads\/2026-01-15-photo-edito-epilobe-grandes-fleurs-scaled.jpg?resize=678%2C509&amp;ssl=1 678w, https:\/\/i0.wp.com\/www.o-p-i.fr\/parlonsen\/wp-content\/uploads\/2026-01-15-photo-edito-epilobe-grandes-fleurs-scaled.jpg?resize=326%2C245&amp;ssl=1 326w, https:\/\/i0.wp.com\/www.o-p-i.fr\/parlonsen\/wp-content\/uploads\/2026-01-15-photo-edito-epilobe-grandes-fleurs-scaled.jpg?resize=80%2C60&amp;ssl=1 80w, https:\/\/i0.wp.com\/www.o-p-i.fr\/parlonsen\/wp-content\/uploads\/2026-01-15-photo-edito-epilobe-grandes-fleurs-scaled.jpg?zoom=3&amp;resize=326%2C245&amp;ssl=1 978w\" sizes=\"auto, (max-width: 326px) 100vw, 326px\" \/>\t<\/a>\r\n\t\t\t\t\t<div class=\"mh-image-caption mh-posts-list-caption\">\r\n\t\t\t\tP&#039;tit Edito\t\t\t<\/div>\r\n\t\t\t<\/figure>\r\n\t<div class=\"mh-posts-list-content clearfix\">\r\n\t\t<header class=\"mh-posts-list-header\">\r\n\t\t\t<h3 class=\"entry-title mh-posts-list-title\">\r\n\t\t\t\t<a href=\"https:\/\/www.o-p-i.fr\/parlonsen\/parlons-en\/editorial\/lepilobe-a-grandes-fleurs-flamme-des-zones-humides\/\" title=\"L\u2019\u00e9pilobe \u00e0 grandes fleurs, flamme des zones humides.\" rel=\"bookmark\">\r\n\t\t\t\t\tL\u2019\u00e9pilobe \u00e0 grandes fleurs, flamme des zones humides.\t\t\t\t<\/a>\r\n\t\t\t<\/h3>\r\n\t\t\t\t\t<\/header>\r\n\t\t<div class=\"mh-posts-list-excerpt clearfix\">\r\n\t\t\t<div class=\"mh-excerpt\">La potentille rampante, ou quintefeuille, est une vivace modeste et tenace. Ses stolons filent au ras du sol, enracinant la vie &#8230;<\/div>\n<p> <a class=\"mh-excerpt-more\" href=\"https:\/\/www.o-p-i.fr\/parlonsen\/parlons-en\/editorial\/lepilobe-a-grandes-fleurs-flamme-des-zones-humides\/\" title=\"L\u2019\u00e9pilobe \u00e0 grandes fleurs, flamme des zones humides.\">[&#8230;]<\/a><\/p>\n\t\t<\/div>\r\n\t<\/div>\r\n<\/article><\/div>\n<\/div><div id=\"panel-57320-0-0-2\" class=\"widget_text so-panel widget widget_custom_html widgetopts-SO\" data-index=\"2\" ><div class=\"textwidget custom-html-widget\"><h2>\n\tA la Une !\n<\/h2><\/div><\/div><div id=\"panel-57320-0-0-3\" class=\"so-panel widget widget_siteorigin-panels-postloop widgetopts-SO\" data-index=\"3\" ><article class=\"mh-posts-list-item clearfix post-67917 post type-post status-publish format-standard has-post-thumbnail hentry category-n-238-janvier-2026 category-culture category-salvagnac tag-a-la-une tag-s0326 tag-concert tag-cafe-au-bord-du-monde\">\r\n\t<figure class=\"mh-posts-list-thumb\">\r\n\t\t<a class=\"mh-thumb-icon mh-thumb-icon-small-mobile\" href=\"https:\/\/www.o-p-i.fr\/parlonsen\/parlons-en\/culture\/abdm-concert-recif-quartet-vocal-poetico-percussif-a-salvagnac-81\/\" title=\"N\u00b0 238 - Janvier 2026\"><img loading=\"lazy\" decoding=\"async\" width=\"227\" height=\"226\" src=\"https:\/\/i0.wp.com\/www.o-p-i.fr\/parlonsen\/wp-content\/uploads\/Bord-monde.jpg?resize=227%2C226&amp;ssl=1\" class=\"attachment-mh-magazine-medium size-mh-magazine-medium wp-post-image\" alt=\"\" srcset=\"https:\/\/i0.wp.com\/www.o-p-i.fr\/parlonsen\/wp-content\/uploads\/Bord-monde.jpg?w=227&amp;ssl=1 227w, https:\/\/i0.wp.com\/www.o-p-i.fr\/parlonsen\/wp-content\/uploads\/Bord-monde.jpg?resize=150%2C150&amp;ssl=1 150w\" sizes=\"auto, (max-width: 227px) 100vw, 227px\" \/>\t<\/a>\r\n\t\t\t\t\t<div class=\"mh-image-caption mh-posts-list-caption\">\r\n\t\t\t\tN\u00b0 238 - Janvier 2026\t\t\t<\/div>\r\n\t\t\t<\/figure>\r\n\t<div class=\"mh-posts-list-content clearfix\">\r\n\t\t<header class=\"mh-posts-list-header\">\r\n\t\t\t<h3 class=\"entry-title mh-posts-list-title\">\r\n\t\t\t\t<a href=\"https:\/\/www.o-p-i.fr\/parlonsen\/parlons-en\/culture\/abdm-concert-recif-quartet-vocal-poetico-percussif-a-salvagnac-81\/\" title=\"ABDM &#8211; Concert R\u00c9CIF \/ Quartet vocal po\u00e9tico-percussif &#8230; \u00e0 Salvagnac (81)  \" rel=\"bookmark\">\r\n\t\t\t\t\tABDM &#8211; Concert R\u00c9CIF \/ Quartet vocal po\u00e9tico-percussif &#8230; \u00e0 Salvagnac (81) <span class=\"dashicons dashicons-calendar\"><\/span> <span class=\"dashicons dashicons-location\"><\/span>\t\t\t\t<\/a>\r\n\t\t\t<\/h3>\r\n\t\t\t\t\t<\/header>\r\n\t\t<div class=\"mh-posts-list-excerpt clearfix\">\r\n\t\t\t<div class=\"mh-excerpt\">R\u00c9CIF est un quartet f\u00e9minin o\u00f9 dialoguent voix et percussions corporelles. Leurs compositions originales sont riches d&rsquo;influences &#8230;<\/div>\n<p> <a class=\"mh-excerpt-more\" href=\"https:\/\/www.o-p-i.fr\/parlonsen\/parlons-en\/culture\/abdm-concert-recif-quartet-vocal-poetico-percussif-a-salvagnac-81\/\" title=\"ABDM &#8211; Concert R\u00c9CIF \/ Quartet vocal po\u00e9tico-percussif &#8230; \u00e0 Salvagnac (81)  \">[&#8230;]<\/a><\/p>\n\t\t<\/div>\r\n\t<\/div>\r\n<\/article><\/div><\/div><div id=\"pgc-57320-0-1\"  class=\"panel-grid-cell\" ><div id=\"panel-57320-0-1-0\" class=\"widget_text so-panel widget widget_custom_html panel-first-child widgetopts-SO\" data-index=\"8\" ><h3 class=\"widget-title\">OPI et Vous<\/h3><div class=\"textwidget custom-html-widget\"><b><a href=\"https:\/\/www.o-p-i.fr\/aupays\/faites-le-savoir\/\" style=\"font-size: 18px;\"><i class=\"fa-solid fa-head-side-cough\" style=\"green;opacity: 0.5; color: green; width: 33px;\"><\/i>Annoncer un \u00e9v\u00e8nement !<\/a><\/b><br>\n<a href=\"https:\/\/www.o-p-i.fr\/aupays\/referencez-votre-activite\/\"><i class=\"fa-solid fa-location-dot\" style=\"green;opacity: 0.5; color: green; width: 33px;\"><\/i>R\u00e9f\u00e9rencer votre activit\u00e9.<\/a><br>\n<a href=\"https:\/\/www.o-p-i.fr\/aupays\/au-pays\/petites-annonces\/postez-votre-annonce\/\"><i class=\"fa-solid fa-scroll\" style=\"green;opacity: 0.5; color: green; width: 33px;\"><\/i>Passer une petite annonce<\/a><br>\n<a href=\"https:\/\/www.o-p-i.fr\/7alire\/\"><i class=\"fa-solid fa-book-open-reader\" style=\"green;opacity: 0.5; color: green; width: 33px;\"><\/i>Des livres du pays et d'ailleurs<\/a><br>\n<a href=\"https:\/\/www.o-p-i.fr\/aupays\/sabonner-aux-lettres-dinformations\/\"><i class=\"fa-solid fa-file-invoice\" style=\"green;opacity: 0.5; color: green; width: 33px;\"><\/i>S'abonner aux lettres d'info.<\/a><br>\n<a href=\"https:\/\/www.o-p-i.fr\/aupays\/je-soutiens-o-p-i-des-tescous\/\"><i class=\"fa-solid fa-circle-arrow-right\" style=\"green;opacity: 0.5; color: green; width: 33px;\"><\/i>Je soutiens O.P.I. !<\/a><br><\/div><\/div><div id=\"panel-57320-0-1-1\" class=\"so-panel widget widget_eventpost_list widgetopts-SO\" data-index=\"9\" ><h3 class=\"widget-title\">Tr\u00e8s prochainement ...<\/h3><div class=\"event_loop event_list eventpost_widget no-list\" id=\"event_list1\" style=\"\" ><div class=\"event_item event_past status-EventScheduled location-type-OfflineEventAttendanceMode category-Et si on en parlait\" data-color=\"000000\" style=\"\"><a href=\"https:\/\/www.o-p-i.fr\/parlonsen\/et-si-on-en-parlait\/mathias-rollot-ce-quon-napprend-pas-en-ecole-darchitecture\/\"><span class=\"event_thumbnail_wrap\"><img loading=\"lazy\" decoding=\"async\" width=\"80\" height=\"60\" src=\"https:\/\/i0.wp.com\/www.o-p-i.fr\/parlonsen\/wp-content\/uploads\/mathias-rollot-bioregions.png?resize=80%2C60&amp;ssl=1\" class=\"attachment-thumbnail wp-post-image event_thumbnail wp-post-image\" alt=\"\" \/><\/span><h5>Mathias Rollot <i class=\"fa-solid fa-film\"><\/i>  Ce qu'on n'apprend pas en Ecole d'Architecture <\/h5><\/a><div class=\"event_data event_date \" itemscope itemtype=\"http:\/\/microformats.org\/profile\/hcard\">\n\t\t<span class=\"eventpost-status\">Planifi\u00e9<\/span>\n\t\t\t\t\t\t\t<span class=\"eventpost-date-export\">\n\t\t\t\t\t\t\t\t<a href=\"https:\/\/www.o-p-i.fr\/parlonsen\/eventpost\/62537.ics\" class=\"event_link event-export ics\" target=\"_blank\" title=\"T\u00e9l\u00e9charger au format ICS\">ical<\/a>\n\t\t\t\t\t\t\t\t<a href=\"https:\/\/www.google.com\/calendar\/event?action=TEMPLATE&trp=false&sprop=name&text=Mathias+Rollot+%3Ci+class%3D%22fa-solid+fa-film%22%3E%3C%2Fi%3E++Ce+qu%27on+n%27apprend+pas+en+Ecole+d%27Architecture&dates=19700101T000000%2F19700101T000000&location&details=%5Bsiteorigin_widget+class%3D%22WP_Widget_Custom_HTML%22%5D%5B%2Fsiteorigin_widget%5D%5Bsiteorigin_widget+class%3D%22SiteOrigin_Widget_Video_Widget%22%5D%5B%2Fsiteorigin_widget%5D%0A%0Ahttps%3A%2F%2Fwww.o-p-i.fr%2Fparlonsen%2Fet-si-on-en-parlait%2Fmathias-rollot-ce-quon-napprend-pas-en-ecole-darchitecture%2F&gmt=%2B02&ctz=Europe\/Paris\" class=\"event_link event-export gcal\" target=\"_blank\" title=\"Ajouter \u00e0 Google agenda\">Google<\/a>\n\t\t\t\t\t\t\t\t<a href=\"https:\/\/www.o-p-i.fr\/parlonsen\/eventpost\/62537.vcs\" class=\"event_link event-export vcs\" target=\"_blank\" title=\"Ajouter \u00e0 Outlook\">outlook<\/a>\n\t\t\t\t\t\t\t\t<i class=\"dashicons-before dashicons-calendar\"><\/i>\n\t\t\t\t\t\t\t<\/span>\n\t\t\t\t\t<\/div><!-- .event_date --><\/div><!-- .event_item -->\r\n<hr><div class=\"event_item event_past status-EventScheduled location-type-OfflineEventAttendanceMode category-Et si on en parlait\" data-color=\"000000\" style=\"\"><a href=\"https:\/\/www.o-p-i.fr\/parlonsen\/et-si-on-en-parlait\/nicolas-meyrieux-cet-agriculteur-conventionnel-de-24-ans-ma-beaucoup-emu\/\"><span class=\"event_thumbnail_wrap\"><img loading=\"lazy\" decoding=\"async\" width=\"80\" height=\"60\" src=\"https:\/\/i0.wp.com\/www.o-p-i.fr\/parlonsen\/wp-content\/uploads\/nicolas-merieux-interview-jeune-agriculteur.png?resize=80%2C60&amp;ssl=1\" class=\"attachment-thumbnail wp-post-image event_thumbnail wp-post-image\" alt=\"\" \/><\/span><h5>Nicolas Meyrieux <i class=\"fa-solid fa-film\"><\/i>  Cet agriculteur conventionnel de 24 ans m'a beaucoup \u00e9mu <\/h5><\/a><div class=\"event_data event_date \" itemscope itemtype=\"http:\/\/microformats.org\/profile\/hcard\">\n\t\t<span class=\"eventpost-status\">Planifi\u00e9<\/span>\n\t\t\t\t\t\t\t<span class=\"eventpost-date-export\">\n\t\t\t\t\t\t\t\t<a href=\"https:\/\/www.o-p-i.fr\/parlonsen\/eventpost\/62675.ics\" class=\"event_link event-export ics\" target=\"_blank\" title=\"T\u00e9l\u00e9charger au format ICS\">ical<\/a>\n\t\t\t\t\t\t\t\t<a href=\"https:\/\/www.google.com\/calendar\/event?action=TEMPLATE&trp=false&sprop=name&text=Nicolas+Meyrieux+%3Ci+class%3D%22fa-solid+fa-film%22%3E%3C%2Fi%3E++Cet+agriculteur+conventionnel+de+24+ans+m%27a+beaucoup+%C3%A9mu&dates=19700101T000000%2F19700101T000000&location&details=%5Bsiteorigin_widget+class%3D%22WP_Widget_Custom_HTML%22%5D%5B%2Fsiteorigin_widget%5D%5Bsiteorigin_widget+class%3D%22SiteOrigin_Widget_Video_Widget%22%5D%5B%2Fsiteorigin_widget%5D%0A%0Ahttps%3A%2F%2Fwww.o-p-i.fr%2Fparlonsen%2Fet-si-on-en-parlait%2Fnicolas-meyrieux-cet-agriculteur-conventionnel-de-24-ans-ma-beaucoup-emu%2F&gmt=%2B02&ctz=Europe\/Paris\" class=\"event_link event-export gcal\" target=\"_blank\" title=\"Ajouter \u00e0 Google agenda\">Google<\/a>\n\t\t\t\t\t\t\t\t<a href=\"https:\/\/www.o-p-i.fr\/parlonsen\/eventpost\/62675.vcs\" class=\"event_link event-export vcs\" target=\"_blank\" title=\"Ajouter \u00e0 Outlook\">outlook<\/a>\n\t\t\t\t\t\t\t\t<i class=\"dashicons-before dashicons-calendar\"><\/i>\n\t\t\t\t\t\t\t<\/span>\n\t\t\t\t\t<\/div><!-- .event_date --><\/div><!-- .event_item -->\r\n<hr><\/div><!-- .event_loop --><\/div><div id=\"panel-57320-0-1-2\" class=\"widget_text so-panel widget widget_custom_html panel-last-child widgetopts-SO\" data-index=\"10\" ><div class=\"textwidget custom-html-widget\"><a href =\"https:\/\/www.o-p-i.fr\/parlonsen\/les-dernieres-actualites\/\"><i class=\"fa-regular fa-circle-right\"><\/i> Voir tous les \u00e9v\u00e8nements ....<\/a><\/div><\/div><\/div><\/div><div id=\"pg-57320-1\"  class=\"panel-grid panel-no-style\" ><div id=\"pgc-57320-1-0\"  class=\"panel-grid-cell\" ><div id=\"panel-57320-1-0-0\" class=\"widget_text so-panel widget widget_custom_html panel-first-child widgetopts-SO\" data-index=\"11\" ><div class=\"textwidget custom-html-widget\"><h3>\n\t<i class=\"fa-solid fa-film\"><\/i> C'est \u00e0 voir !\n<\/h3><\/div><\/div><div id=\"panel-57320-1-0-1\" class=\"so-panel widget widget_siteorigin-panels-postloop widgetopts-SO\" data-index=\"12\" ><article class=\"mh-posts-list-item clearfix post-66904 post type-post status-publish format-standard has-post-thumbnail hentry category-biodiversite category-et-si-on-en-parlait tag-video\">\r\n\t<figure class=\"mh-posts-list-thumb\">\r\n\t\t<a class=\"mh-thumb-icon mh-thumb-icon-small-mobile\" href=\"https:\/\/www.o-p-i.fr\/parlonsen\/et-si-on-en-parlait\/le-vivant-qui-se-defend-documentaire-vincent-verzat\/\" title=\"Biodiversit\u00e9\"><img loading=\"lazy\" decoding=\"async\" width=\"326\" height=\"245\" src=\"https:\/\/i0.wp.com\/www.o-p-i.fr\/parlonsen\/wp-content\/uploads\/2025-11-07-vivant-qui-se-defend.png?resize=326%2C245&amp;ssl=1\" class=\"attachment-mh-magazine-medium size-mh-magazine-medium wp-post-image\" alt=\"\" srcset=\"https:\/\/i0.wp.com\/www.o-p-i.fr\/parlonsen\/wp-content\/uploads\/2025-11-07-vivant-qui-se-defend.png?resize=326%2C245&amp;ssl=1 326w, https:\/\/i0.wp.com\/www.o-p-i.fr\/parlonsen\/wp-content\/uploads\/2025-11-07-vivant-qui-se-defend.png?resize=80%2C60&amp;ssl=1 80w\" sizes=\"auto, (max-width: 326px) 100vw, 326px\" \/>\t<\/a>\r\n\t\t\t\t\t<div class=\"mh-image-caption mh-posts-list-caption\">\r\n\t\t\t\tBiodiversit\u00e9\t\t\t<\/div>\r\n\t\t\t<\/figure>\r\n\t<div class=\"mh-posts-list-content clearfix\">\r\n\t\t<header class=\"mh-posts-list-header\">\r\n\t\t\t<h3 class=\"entry-title mh-posts-list-title\">\r\n\t\t\t\t<a href=\"https:\/\/www.o-p-i.fr\/parlonsen\/et-si-on-en-parlait\/le-vivant-qui-se-defend-documentaire-vincent-verzat\/\" title=\"  Le VIVANT qui se d\u00e9fend | Documentaire &#8211; Vincent Verzat\" rel=\"bookmark\">\r\n\t\t\t\t\t<i class=\"fa-solid fa-film\"><\/i>  Le VIVANT qui se d\u00e9fend | Documentaire &#8211; Vincent Verzat\t\t\t\t<\/a>\r\n\t\t\t<\/h3>\r\n\t\t\t\t\t<\/header>\r\n\t\t<div class=\"mh-posts-list-excerpt clearfix\">\r\n\t\t\t<div class=\"mh-excerpt\">Le VIVANT qui se d\u00e9fend | Documentaire Vincent Verzat filme les mobilisations \u00e9cologiques depuis 10 ans sur la cha\u00eene YouTube Partager c\u2019est Sympa (310k abonn\u00e9\u00b7es). Partant d\u2019un r\u00e9cit personnel et sensible, le film \u201cLe VIVANT <a class=\"mh-excerpt-more\" href=\"https:\/\/www.o-p-i.fr\/parlonsen\/et-si-on-en-parlait\/le-vivant-qui-se-defend-documentaire-vincent-verzat\/\" title=\"  Le VIVANT qui se d\u00e9fend | Documentaire &#8211; Vincent Verzat\">[&#8230;]<\/a><\/div>\n\t\t<\/div>\r\n\t<\/div>\r\n<\/article><\/div><div id=\"panel-57320-1-0-2\" class=\"widget_text so-panel widget widget_custom_html widgetopts-SO\" data-index=\"13\" ><div class=\"textwidget custom-html-widget\"><hr>\n<a href=\"https:\/\/www.o-p-i.fr\/parlonsen\/espace-videos-et-podcast\/\"><i class=\"fa-regular fa-circle-right\"><\/i> Visiter l'espace vid\u00e9os<\/a>\n<hr><\/div><\/div><div id=\"panel-57320-1-0-3\" class=\"widget_text so-panel widget widget_custom_html panel-last-child widgetopts-SO\" data-index=\"14\" ><h3 class=\"widget-title\">Les prochains \u00e9v\u00e9nements sur le Pays des Tescou&rsquo;s<\/h3><div class=\"textwidget custom-html-widget\"><div class=\"event_loop event_list  no-list\" id=\"event_list2\" style=\"height:auto;\" ><div class=\"event_item event_past status-EventScheduled location-type-OfflineEventAttendanceMode category-Et si on en parlait\" data-color=\"000000\" style=\"\"><a href=\"https:\/\/www.o-p-i.fr\/parlonsen\/et-si-on-en-parlait\/mathias-rollot-ce-quon-napprend-pas-en-ecole-darchitecture\/\"><h5>Mathias Rollot <i class=\"fa-solid fa-film\"><\/i>  Ce qu'on n'apprend pas en Ecole d'Architecture <\/h5><\/a><div class=\"event_data event_date \" itemscope itemtype=\"http:\/\/microformats.org\/profile\/hcard\">\n\t\t<span class=\"eventpost-status\">Planifi\u00e9<\/span>\n\t\t\t\t\t\t\t<span class=\"eventpost-date-export\">\n\t\t\t\t\t\t\t\t<a href=\"https:\/\/www.o-p-i.fr\/parlonsen\/eventpost\/62537.ics\" class=\"event_link event-export ics\" target=\"_blank\" title=\"T\u00e9l\u00e9charger au format ICS\">ical<\/a>\n\t\t\t\t\t\t\t\t<a href=\"https:\/\/www.google.com\/calendar\/event?action=TEMPLATE&trp=false&sprop=name&text=Mathias+Rollot+%3Ci+class%3D%22fa-solid+fa-film%22%3E%3C%2Fi%3E++Ce+qu%27on+n%27apprend+pas+en+Ecole+d%27Architecture&dates=19700101T000000%2F19700101T000000&location&details=%5Bsiteorigin_widget+class%3D%22WP_Widget_Custom_HTML%22%5D%5B%2Fsiteorigin_widget%5D%5Bsiteorigin_widget+class%3D%22SiteOrigin_Widget_Video_Widget%22%5D%5B%2Fsiteorigin_widget%5D%0A%0Ahttps%3A%2F%2Fwww.o-p-i.fr%2Fparlonsen%2Fet-si-on-en-parlait%2Fmathias-rollot-ce-quon-napprend-pas-en-ecole-darchitecture%2F&gmt=%2B02&ctz=Europe\/Paris\" class=\"event_link event-export gcal\" target=\"_blank\" title=\"Ajouter \u00e0 Google agenda\">Google<\/a>\n\t\t\t\t\t\t\t\t<a href=\"https:\/\/www.o-p-i.fr\/parlonsen\/eventpost\/62537.vcs\" class=\"event_link event-export vcs\" target=\"_blank\" title=\"Ajouter \u00e0 Outlook\">outlook<\/a>\n\t\t\t\t\t\t\t\t<i class=\"dashicons-before dashicons-calendar\"><\/i>\n\t\t\t\t\t\t\t<\/span>\n\t\t\t\t\t<\/div><!-- .event_date --><\/div><!-- .event_item -->\r\n<hr><div class=\"event_item event_past status-EventScheduled location-type-OfflineEventAttendanceMode category-Et si on en parlait\" data-color=\"000000\" style=\"\"><a href=\"https:\/\/www.o-p-i.fr\/parlonsen\/et-si-on-en-parlait\/nicolas-meyrieux-cet-agriculteur-conventionnel-de-24-ans-ma-beaucoup-emu\/\"><h5>Nicolas Meyrieux <i class=\"fa-solid fa-film\"><\/i>  Cet agriculteur conventionnel de 24 ans m'a beaucoup \u00e9mu <\/h5><\/a><div class=\"event_data event_date \" itemscope itemtype=\"http:\/\/microformats.org\/profile\/hcard\">\n\t\t<span class=\"eventpost-status\">Planifi\u00e9<\/span>\n\t\t\t\t\t\t\t<span class=\"eventpost-date-export\">\n\t\t\t\t\t\t\t\t<a href=\"https:\/\/www.o-p-i.fr\/parlonsen\/eventpost\/62675.ics\" class=\"event_link event-export ics\" target=\"_blank\" title=\"T\u00e9l\u00e9charger au format ICS\">ical<\/a>\n\t\t\t\t\t\t\t\t<a href=\"https:\/\/www.google.com\/calendar\/event?action=TEMPLATE&trp=false&sprop=name&text=Nicolas+Meyrieux+%3Ci+class%3D%22fa-solid+fa-film%22%3E%3C%2Fi%3E++Cet+agriculteur+conventionnel+de+24+ans+m%27a+beaucoup+%C3%A9mu&dates=19700101T000000%2F19700101T000000&location&details=%5Bsiteorigin_widget+class%3D%22WP_Widget_Custom_HTML%22%5D%5B%2Fsiteorigin_widget%5D%5Bsiteorigin_widget+class%3D%22SiteOrigin_Widget_Video_Widget%22%5D%5B%2Fsiteorigin_widget%5D%0A%0Ahttps%3A%2F%2Fwww.o-p-i.fr%2Fparlonsen%2Fet-si-on-en-parlait%2Fnicolas-meyrieux-cet-agriculteur-conventionnel-de-24-ans-ma-beaucoup-emu%2F&gmt=%2B02&ctz=Europe\/Paris\" class=\"event_link event-export gcal\" target=\"_blank\" title=\"Ajouter \u00e0 Google agenda\">Google<\/a>\n\t\t\t\t\t\t\t\t<a href=\"https:\/\/www.o-p-i.fr\/parlonsen\/eventpost\/62675.vcs\" class=\"event_link event-export vcs\" target=\"_blank\" title=\"Ajouter \u00e0 Outlook\">outlook<\/a>\n\t\t\t\t\t\t\t\t<i class=\"dashicons-before dashicons-calendar\"><\/i>\n\t\t\t\t\t\t\t<\/span>\n\t\t\t\t\t<\/div><!-- .event_date --><\/div><!-- .event_item -->\r\n<hr><\/div><!-- .event_loop --><\/div><\/div><\/div><div id=\"pgc-57320-1-1\"  class=\"panel-grid-cell\" ><div id=\"panel-57320-1-1-0\" class=\"widget_text so-panel widget widget_custom_html panel-first-child widgetopts-SO\" data-index=\"15\" ><div class=\"textwidget custom-html-widget\"><h3>\n\tVide-greniers.\n<\/h3><\/div><\/div><div id=\"panel-57320-1-1-1\" class=\"so-panel widget widget_sow-post-carousel widgetopts-SO\" data-index=\"16\" ><div\n\t\t\t\n\t\t\tclass=\"so-widget-sow-post-carousel so-widget-sow-post-carousel-base-0471499d4c66-66904\"\n\t\t\t\n\t\t>\t<div\n\t\tclass=\"sow-post-carousel-wrapper sow-post-carousel-theme-base\"\n\t\tstyle=\"overflow: hidden; max-width: 100%; min-height: 182px\"\n\t>\n\t\t<div class=\"sow-carousel-title\">\n\t\t\t<div class=\"sow-carousel-navigation \">\n\t\t\t\t\t\t<a href=\"#\" class=\"sow-carousel-next\" title=\"Suivant\" aria-label=\"Next Posts\" role=\"button\"><\/a>\n\t\t\t\t\t\t<a href=\"#\" class=\"sow-carousel-previous\" title=\"Pr\u00e9c\u00e9dent\" aria-label=\"Previous Posts\" role=\"button\"><\/a>\n\t\t\t\t\t<\/div>\n\t<\/div>\n\n<div class=\"sow-carousel-container \">\n\t\t<div class=\"sow-carousel-wrapper\"\n\t\tdata-dir=\"ltr\"\n\t\tstyle=\"opacity: 0;\"\n\t\tdata-widget=\"post\" data-fetching=\"false\" data-page=\"1\" data-ajax-url=\"https:\/\/www.o-p-i.fr\/parlonsen\/wp-admin\/admin-ajax.php?_widgets_nonce=dd6ac93b87\" data-item_count=\"1\" data-carousel_settings=\"{&quot;loop&quot;:true,&quot;animation&quot;:&quot;ease&quot;,&quot;animation_speed&quot;:400,&quot;autoplay&quot;:&quot;off&quot;,&quot;pauseOnHover&quot;:&quot;&quot;,&quot;autoplaySpeed&quot;:8000,&quot;item_overflow&quot;:true,&quot;autoplay_continuous_scroll&quot;:false}\" data-responsive=\"{&quot;desktop_slides_to_scroll&quot;:1,&quot;tablet_landscape_breakpoint&quot;:1366,&quot;tablet_landscape_slides_to_scroll&quot;:2,&quot;tablet_portrait_breakpoint&quot;:1025,&quot;tablet_portrait_slides_to_scroll&quot;:2,&quot;mobile_breakpoint&quot;:480,&quot;mobile_slides_to_scroll&quot;:1}\" data-variable_width=\"true\" \t>\n\t\t<div\n\t\t\tclass=\"sow-carousel-items\"\n\t\t\t\t\t>\n\t\t\t\t<div class=\"sow-carousel-item\" tabindex=\"-1\" style=\"float: left;\">\n\t\t<div class=\"sow-carousel-thumbnail\">\n\t\t\t\t\t\t\t<a\n\t\t\t\t\thref=\"https:\/\/www.o-p-i.fr\/parlonsen\/parlons-en\/les-vide-greniers-2024-au-pays-des-tescous\/\"\n\t\t\t\t\t\t\t\t\t\tstyle=\"background-image: url( https:\/\/i0.wp.com\/www.o-p-i.fr\/parlonsen\/wp-content\/uploads\/market-2071976_1920.png?resize=272%2C182&#038;ssl=1 )\"\n\t\t\t\t\taria-labelledby=\"sow-carousel-id-56790\"\n\t\t\t\t\ttabindex=\"-1\"\n\t\t\t\t>\n\t\t\t\t\t<span class=\"overlay\"><\/span>\n\t\t\t\t<\/a>\n\t\t\t\t\t<\/div>\n\t\t<h3 class=\"sow-carousel-item-title\">\n\t\t\t<a\n\t\t\t\thref=\"https:\/\/www.o-p-i.fr\/parlonsen\/parlons-en\/les-vide-greniers-2024-au-pays-des-tescous\/\"\n\t\t\t\tid=\"sow-carousel-id-56790\"\n\t\t\t\t\t\t\t\ttabindex=\"-1\"\n\t\t\t>\n\n\t\t\t\tLes Vide-Greniers 2024 \u2026 au Pays des Tescou\u2019s\t\t\t<\/a>\n\t\t<\/h3>\n\t<\/div>\n\t\t\t<\/div>\n\t\t\t<\/div>\n\n\t<\/div>\n\t\t<input type=\"hidden\" name=\"instance_hash\" value=\"30870752\"\/>\n\t<\/div>\n<\/div><\/div><div id=\"panel-57320-1-1-2\" class=\"so-panel widget widget_feedzy_wp_widget widgetopts-SO\" data-index=\"17\" ><h3 class=\"widget-title\">Petites Annonces<\/h3><div class='feedzy-lazy' data-feeds=\"https:\/\/www.o-p-i.fr\/aupays\/w2dc_listing\/feed\"data-max=\"5\"data-feed_title=\"no\"data-target=\"\"data-follow=\"\"data-title=\"\"data-meta=\"auto\"data-multiple_meta=\"\"data-summary=\"yes\"data-summarylength=\"65\"data-thumb=\"auto\"data-default=\"\"data-size=\"80\"data-aspectRatio=\"1\"data-keywords_title=\"\"data-keywords_inc=\"\"data-keywords_inc_on=\"\"data-keywords_exc_on=\"\"data-refresh=\"12_hours\"data-sort=\"date_asc\"data-http=\"\"data-error_empty=\"\"data-amp=\"yes\"data-offset=\"0\"data-lazy=\"yes\"data-_dryrun_=\"no\"data-_dry_run_tags_=\"\"data-from_datetime=\"\"data-to_datetime=\"\"data-disable_default_style=\"yes\"data-filters=\"\"data-classname=\"\"data-keywords_ban=\"\"data-className=\"\"data-nonce=\"cee4280d0b\">Chargement en cours...<\/div><\/div><div id=\"panel-57320-1-1-3\" class=\"widget_text so-panel widget widget_custom_html widgetopts-SO\" data-index=\"18\" ><div class=\"textwidget custom-html-widget\"><hr>\n<a href=\"https:\/\/www.o-p-i.fr\/aupays\/au-pays\/petites-annonces\/postez-votre-annonce\/\"><i class=\"fa-regular fa-circle-right\"><\/i> Passer une petite annonce sur OPI des Tescou's<\/a>\n<\/div><\/div><div id=\"panel-57320-1-1-4\" class=\"widget_text so-panel widget widget_custom_html widgetopts-SO\" data-index=\"19\" ><div class=\"textwidget custom-html-widget\"><h3>\n\t7Alire ! Les \u00e9crivain\u00b7e\u00b7s d'ici et de pas loin.\n<\/h3><\/div><\/div><div id=\"panel-57320-1-1-5\" class=\"widget_text so-panel widget widget_custom_html panel-last-child widgetopts-SO\" data-index=\"20\" ><div class=\"textwidget custom-html-widget\"><div class=\"wp-rss-template-container\" data-wpra-template=\"default\" data-template-ctx=\"eyJmZWVkcyI6IjctYS1saXJlIn0=\">\n    <div class=\"wp-rss-aggregator wpra-list-template  \" data-page=\"1\">\n    \n    \n<ul class=\"wpra-item-list rss-aggregator wpra-item-list--bullets wpra-item-list--default\"\n    start=\"1\">\n                        <li class=\"wpra-item feed-item \">\n            \n            \n\n    <a  href=\"https:\/\/www.o-p-i.fr\/7alire\/nicolas-duivon\/nicolas-duivon-auteur\/\" target=\"_blank\" rel=\"nofollow\" class=\"\">Nicolas Duivon \u2013 Auteur<\/a>\n\n\n\n\n\n\n<div class=\"wprss-feed-meta\">\n            <span class=\"feed-source\">\n            Source:\n\n                            7 \u00e0 lire !\n                    <\/span>\n    \n            <span class=\"feed-date\">\n            Published on 2025-04-24\n        <\/span>\n    \n    <\/div>\n\n\n\n\n\n            \n        <\/li>\n                    <li class=\"wpra-item feed-item \">\n            \n            \n\n    <a  href=\"https:\/\/www.o-p-i.fr\/7alire\/non-classe\/petraroli-francesco-bio-bibliographie\/\" target=\"_blank\" rel=\"nofollow\" class=\"\">PETRAROLI Francesco  Bio-bibliographie<\/a>\n\n\n\n\n\n\n<div class=\"wprss-feed-meta\">\n            <span class=\"feed-source\">\n            Source:\n\n                            7 \u00e0 lire !\n                    <\/span>\n    \n            <span class=\"feed-date\">\n            Published on 2024-07-30\n        <\/span>\n    \n    <\/div>\n\n\n\n\n\n            \n        <\/li>\n                    <li class=\"wpra-item feed-item \">\n            \n            \n\n    <a  href=\"https:\/\/www.o-p-i.fr\/7alire\/grimaldi-nicolas\/nicolas-grimaldi-bio-bibliographie\/\" target=\"_blank\" rel=\"nofollow\" class=\"\">GRIMALDI Nicolas bio-bibliographie<\/a>\n\n\n\n\n\n\n<div class=\"wprss-feed-meta\">\n            <span class=\"feed-source\">\n            Source:\n\n                            7 \u00e0 lire !\n                    <\/span>\n    \n            <span class=\"feed-date\">\n            Published on 2024-07-16\n        <\/span>\n    \n    <\/div>\n\n\n\n\n\n            \n        <\/li>\n        <\/ul>\n\n        \n<\/div>\n\n<\/div>\n<\/div><\/div><\/div><\/div><div id=\"pg-57320-2\"  class=\"panel-grid panel-no-style\" ><div id=\"pgc-57320-2-0\"  class=\"panel-grid-cell\" ><div id=\"panel-57320-2-0-0\" class=\"widget_text so-panel widget widget_custom_html panel-first-child panel-last-child widgetopts-SO\" data-index=\"21\" ><div class=\"textwidget custom-html-widget\"><div class=\"card\">\n  <div class=\"card-body\">\n    <h5 class=\"card-title\">Adh\u00e9sion OPI<\/h5>\n    <h6 class=\"card-subtitle mb-2 text-body-secondary\">Soutenez-nous !<\/h6>\n    <p class=\"card-text\">En adh\u00e9rent \u00e0 l'association OPI des Tescou's, vous soutenez activement notre action de diffusion des \u00e9v\u00e8nements locaux.<\/p>\n    <a href=\"https:\/\/www.o-p-i.fr\/aupays\/plans-adhesions\/\" class=\"card-link\"><i class=\"fa-regular fa-circle-right\"><\/i> Espace Adh\u00e9sion<\/a>\n  <\/div>\n<\/div><\/div><\/div><\/div><\/div><\/div>","protected":false},"excerpt":{"rendered":"<div class=\"mh-excerpt\"><\/div>\n","protected":false},"author":9,"featured_media":0,"parent":0,"menu_order":0,"comment_status":"closed","ping_status":"closed","template":"template-full.php","meta":{"om_disable_all_campaigns":false,"advanced_seo_description":"","jetpack_seo_html_title":"","jetpack_seo_noindex":false,"footnotes":"","_links_to":"","_links_to_target":""},"class_list":["post-57320","page","type-page","status-publish"],"jetpack_likes_enabled":true,"jetpack_sharing_enabled":true,"jetpack_shortlink":"https:\/\/wp.me\/Pg7Wxj-eUw","jetpack-related-posts":[],"_links":{"self":[{"href":"https:\/\/www.o-p-i.fr\/parlonsen\/wp-json\/wp\/v2\/pages\/57320","targetHints":{"allow":["GET"]}}],"collection":[{"href":"https:\/\/www.o-p-i.fr\/parlonsen\/wp-json\/wp\/v2\/pages"}],"about":[{"href":"https:\/\/www.o-p-i.fr\/parlonsen\/wp-json\/wp\/v2\/types\/page"}],"author":[{"embeddable":true,"href":"https:\/\/www.o-p-i.fr\/parlonsen\/wp-json\/wp\/v2\/users\/9"}],"replies":[{"embeddable":true,"href":"https:\/\/www.o-p-i.fr\/parlonsen\/wp-json\/wp\/v2\/comments?post=57320"}],"version-history":[{"count":7,"href":"https:\/\/www.o-p-i.fr\/parlonsen\/wp-json\/wp\/v2\/pages\/57320\/revisions"}],"predecessor-version":[{"id":67985,"href":"https:\/\/www.o-p-i.fr\/parlonsen\/wp-json\/wp\/v2\/pages\/57320\/revisions\/67985"}],"wp:attachment":[{"href":"https:\/\/www.o-p-i.fr\/parlonsen\/wp-json\/wp\/v2\/media?parent=57320"}],"curies":[{"name":"wp","href":"https:\/\/api.w.org\/{rel}","templated":true}]}}