{"id":65786,"date":"2025-07-17T12:59:25","date_gmt":"2025-07-17T10:59:25","guid":{"rendered":"https:\/\/www.o-p-i.fr\/parlonsen\/?page_id=65786"},"modified":"2025-07-18T10:03:07","modified_gmt":"2025-07-18T08:03:07","slug":"lettre-dinformation-semaine-29-2025","status":"publish","type":"page","link":"https:\/\/www.o-p-i.fr\/parlonsen\/lettre-dinformation-semaine-29-2025\/","title":{"rendered":"Lettre d&rsquo;information Semaine 29 &#8211; 2025"},"content":{"rendered":"<div id=\"pl-65786\"  class=\"panel-layout\" ><div id=\"pg-65786-0\"  class=\"panel-grid panel-has-style\" ><div class=\"panel-row-style panel-row-style-for-65786-0\" ><div id=\"pgc-65786-0-0\"  class=\"panel-grid-cell\" ><div id=\"panel-65786-0-0-0\" class=\"widget_text so-panel widget widget_custom_html panel-first-child widgetopts-SO\" data-index=\"0\" ><div class=\"textwidget custom-html-widget\"><h2>\n\t<i class=\"fa-solid fa-newspaper\"><\/i> Vos sorties au Pays des Tescou's.\n<\/h2>\n<p class=\"text-muted\">\n<i class=\"fa-regular fa-circle-right\" style=\"color:rgb(115, 100, 44);\"><\/i> <strong>Du 17 juillet au 23 juillet 2025.<\/strong>\n<\/p>\n<p>\n\tCette semaine, dans votre lettre d'information, <strong>33 \u00e9v\u00e9nements<\/strong> au Pays des Tescou's et alentours.\n<\/p>\n<\/div><\/div><div id=\"panel-65786-0-0-1\" class=\"so-panel widget widget_mh_posts_list mh_posts_list panel-last-child widgetopts-SO\" data-index=\"1\" ><h3 class=\"widget-title\">P&rsquo;tit Edito<\/h3><div class=\"mh-posts-list-widget mh-posts-list-hide-caption\">\n<article class=\"mh-posts-list-item clearfix post-68169 post type-post status-publish format-standard has-post-thumbnail category-editorial category-n-237-decembre-2025 tag-nature tag-pantes-sauvages\">\r\n\t<figure class=\"mh-posts-list-thumb\">\r\n\t\t<a class=\"mh-thumb-icon mh-thumb-icon-small-mobile\" href=\"https:\/\/www.o-p-i.fr\/parlonsen\/parlons-en\/editorial\/lepilobe-a-grandes-fleurs-flamme-des-zones-humides\/\" title=\"P&#039;tit Edito\"><img loading=\"lazy\" decoding=\"async\" width=\"326\" height=\"245\" src=\"https:\/\/i0.wp.com\/www.o-p-i.fr\/parlonsen\/wp-content\/uploads\/2026-01-15-photo-edito-epilobe-grandes-fleurs-scaled.jpg?resize=326%2C245&amp;ssl=1\" class=\"attachment-mh-magazine-medium size-mh-magazine-medium wp-post-image\" alt=\"\" srcset=\"https:\/\/i0.wp.com\/www.o-p-i.fr\/parlonsen\/wp-content\/uploads\/2026-01-15-photo-edito-epilobe-grandes-fleurs-scaled.jpg?resize=678%2C509&amp;ssl=1 678w, https:\/\/i0.wp.com\/www.o-p-i.fr\/parlonsen\/wp-content\/uploads\/2026-01-15-photo-edito-epilobe-grandes-fleurs-scaled.jpg?resize=326%2C245&amp;ssl=1 326w, https:\/\/i0.wp.com\/www.o-p-i.fr\/parlonsen\/wp-content\/uploads\/2026-01-15-photo-edito-epilobe-grandes-fleurs-scaled.jpg?resize=80%2C60&amp;ssl=1 80w, https:\/\/i0.wp.com\/www.o-p-i.fr\/parlonsen\/wp-content\/uploads\/2026-01-15-photo-edito-epilobe-grandes-fleurs-scaled.jpg?zoom=3&amp;resize=326%2C245&amp;ssl=1 978w\" sizes=\"auto, (max-width: 326px) 100vw, 326px\" \/>\t<\/a>\r\n\t\t\t\t\t<div class=\"mh-image-caption mh-posts-list-caption\">\r\n\t\t\t\tP&#039;tit Edito\t\t\t<\/div>\r\n\t\t\t<\/figure>\r\n\t<div class=\"mh-posts-list-content clearfix\">\r\n\t\t<header class=\"mh-posts-list-header\">\r\n\t\t\t<h3 class=\"entry-title mh-posts-list-title\">\r\n\t\t\t\t<a href=\"https:\/\/www.o-p-i.fr\/parlonsen\/parlons-en\/editorial\/lepilobe-a-grandes-fleurs-flamme-des-zones-humides\/\" title=\"L\u2019\u00e9pilobe \u00e0 grandes fleurs, flamme des zones humides.\" rel=\"bookmark\">\r\n\t\t\t\t\tL\u2019\u00e9pilobe \u00e0 grandes fleurs, flamme des zones humides.\t\t\t\t<\/a>\r\n\t\t\t<\/h3>\r\n\t\t\t\t\t<\/header>\r\n\t\t<div class=\"mh-posts-list-excerpt clearfix\">\r\n\t\t\t<div class=\"mh-excerpt\">La potentille rampante, ou quintefeuille, est une vivace modeste et tenace. Ses stolons filent au ras du sol, enracinant la vie &#8230;<\/div>\n<p> <a class=\"mh-excerpt-more\" href=\"https:\/\/www.o-p-i.fr\/parlonsen\/parlons-en\/editorial\/lepilobe-a-grandes-fleurs-flamme-des-zones-humides\/\" title=\"L\u2019\u00e9pilobe \u00e0 grandes fleurs, flamme des zones humides.\">[&#8230;]<\/a><\/p>\n\t\t<\/div>\r\n\t<\/div>\r\n<\/article><\/div>\n<\/div><\/div><\/div><\/div><div id=\"pg-65786-1\"  class=\"panel-grid panel-has-style\" ><div class=\"panel-row-style panel-row-style-for-65786-1\" ><div id=\"pgc-65786-1-0\"  class=\"panel-grid-cell\" ><div id=\"panel-65786-1-0-0\" class=\"widget_text so-panel widget widget_custom_html panel-first-child panel-last-child widgetopts-SO\" data-index=\"2\" ><h3 class=\"widget-title\">Les prochains \u00e9v\u00e8nements &#8230;<\/h3><div class=\"textwidget custom-html-widget\"><div class=\"event_loop event_list  no-list\" id=\"event_list1\" style=\"height:auto;\" ><div class=\"event_item event_past status-EventScheduled location-type-OfflineEventAttendanceMode post_tag-spectacle post_tag-Monclar de Quercy post_tag-caf\u00e9 concert post_tag-caf\u00e9 associatif post_tag-L'aMICHEMin post_tag-A la une post_tag-S2925 category-Culture category-N\u00b0 232-Juillet 2025 category-Monclar de Quercy category-Loisirs\" data-color=\"000000\" style=\"\"><a href=\"https:\/\/www.o-p-i.fr\/parlonsen\/parlons-en\/culture\/lamichemin-concert-rural-vintage-blues-a-monclar-82\/\"><span class=\"event_thumbnail_wrap\"><img loading=\"lazy\" decoding=\"async\" width=\"300\" height=\"161\" src=\"https:\/\/i0.wp.com\/www.o-p-i.fr\/parlonsen\/wp-content\/uploads\/lamichemin-en-tete.jpeg?fit=300%2C161&amp;ssl=1\" class=\"attachment-thumbnail wp-post-image event_thumbnail wp-post-image\" alt=\"\" \/><\/span><h5>LaMICHEmin - Concert Rural Vintage Blues ... \u00e0 Monclar (82) <\/h5><\/a><div class=\"event_data event_date \" itemscope itemtype=\"http:\/\/microformats.org\/profile\/hcard\">\n\t\t\t\t\t\t<div class=\"event_date\" data-start=\"jeudi 17 juillet 2025\" data-end=\"jeudi 17 juillet 2025\">\n\t\t\t\t\t\t\t<time itemprop=\"dtstart\" datetime=\"2025-07-17T20:30:00+02:00\"><span class=\"date date-single\">17 juillet 2025<\/span> <span class=\"linking_word linking_word-from\">de<\/span> <span class=\"time time-start\">20h30<\/span> <span class=\"linking_word linking_word-to\">\u00e0<\/span> <span class=\"time time-end\">22h00<\/span>\n\t\t\t\t\t\t\t<\/time>\n\t\t\t\t\t\t<\/div><!-- .event_date --><span class=\"eventpost-status\">Planifi\u00e9<\/span>\n\t\t\t\t\t\t\t<span class=\"eventpost-date-export\">\n\t\t\t\t\t\t\t\t<a href=\"https:\/\/www.o-p-i.fr\/parlonsen\/eventpost\/65793.ics\" class=\"event_link event-export ics\" target=\"_blank\" title=\"T\u00e9l\u00e9charger au format ICS\">ical<\/a>\n\t\t\t\t\t\t\t\t<a href=\"https:\/\/www.google.com\/calendar\/event?action=TEMPLATE&trp=false&sprop=name&text=LaMICHEmin+-+Concert+Rural+Vintage+Blues+...+%C3%A0+Monclar+%2882%29&dates=20250717T203000%2F20250717T220000&location=3+rue+Regain+82230+Monclar+de+Quercy&details=Concert+%C3%A0+20h30+le+jeudi+17+juillet+avec+Rural+Vintage+Blues%C2%A0+%21%0D%0A%0D%0ABlues+acoustique+rural%2C+celui+des+origines%2C+celui+de+Robert+Johnson%2C+Muddy+Waters%E2%80%A6+La+musique+de+Rural+Vintage+Blues+s%E2%80%99inscrit+dans+cette+tradition.%0D%0A%0D%0A%0D%0A%0D%0A%0D%0A%0D%0A%F0%9F%8D%BD%EF%B8%8F%C2%A0Laura+et+Elie%2C+d%E2%80%99Elilobio%2C+proposeront+une+petite+restauration+sur+place+%3A+Gaspacho%2C+samoussas+aux+l%C3%A9gumes+et+sorbets+artisanaux+%21R%C3%A9servation+conseill%C3%A9e+au%C2%A0+06+11+89+40+29%0D%0A%0D%0A%0D%0A%0D%0A%0D%0A%0D%0A%0D%0AINFOS+PRATIQUES%0D%0A%F0%9F%96%96%F0%9F%8F%BC+Ouvert+%C3%A0+tous%C2%B7te%0D%0A%F0%9F%94%8E+L%E2%80%99aMICHEmin%2C+ext%C3%A9rieur%0D%0A%F0%9F%92%B6+Participation+libre%0A%0Ahttps%3A%2F%2Fwww.o-p-i.fr%2Fparlonsen%2Fparlons-en%2Fculture%2Flamichemin-concert-rural-vintage-blues-a-monclar-82%2F&gmt=%2B02&ctz=Europe\/Paris\" class=\"event_link event-export gcal\" target=\"_blank\" title=\"Ajouter \u00e0 Google agenda\">Google<\/a>\n\t\t\t\t\t\t\t\t<a href=\"https:\/\/www.o-p-i.fr\/parlonsen\/eventpost\/65793.vcs\" class=\"event_link event-export vcs\" target=\"_blank\" title=\"Ajouter \u00e0 Outlook\">outlook<\/a>\n\t\t\t\t\t\t\t\t<i class=\"dashicons-before dashicons-calendar\"><\/i>\n\t\t\t\t\t\t\t<\/span>\n\t\t\t\t\t<\/div><!-- .event_date --><\/div><!-- .event_item -->\r\n<hr><div class=\"event_item event_past status-EventScheduled location-type-OfflineEventAttendanceMode post_tag-stage post_tag-\u00e9loquence post_tag-S2925 category-Formation category-Montauban category-N\u00b0 232 - Juillet 2025\" data-color=\"000000\" style=\"\"><a href=\"https:\/\/www.o-p-i.fr\/parlonsen\/parlons-en\/formation-parlons-en\/stage-dete-2025-maitrisez-lart-de-leloquence-et-lexcellence-oratoire-a-montauban-82\/\"><span class=\"event_thumbnail_wrap\"><img loading=\"lazy\" decoding=\"async\" width=\"252\" height=\"300\" src=\"https:\/\/i0.wp.com\/www.o-p-i.fr\/parlonsen\/wp-content\/uploads\/fatna.jpg?fit=252%2C300&amp;ssl=1\" class=\"attachment-thumbnail wp-post-image event_thumbnail wp-post-image\" alt=\"\" srcset=\"https:\/\/i0.wp.com\/www.o-p-i.fr\/parlonsen\/wp-content\/uploads\/fatna.jpg?w=254&amp;ssl=1 254w, https:\/\/i0.wp.com\/www.o-p-i.fr\/parlonsen\/wp-content\/uploads\/fatna.jpg?resize=252%2C300&amp;ssl=1 252w\" sizes=\"auto, (max-width: 252px) 100vw, 252px\" \/><\/span><h5>\u00a0Stage d\u2019\u00e9t\u00e9 2025 :\u00ab Ma\u00eetrisez l'art de l'\u00e9loquence et l'excellence oratoire !\u00bb...\u00e0 Montauban (82) <\/h5><\/a><div class=\"event_data event_date \" itemscope itemtype=\"http:\/\/microformats.org\/profile\/hcard\">\n\t\t\t\t\t\t<div class=\"event_date\" data-start=\"vendredi 18 juillet 2025\" data-end=\"dimanche 20 juillet 2025\"> <span class=\"linking_word linking_word-from\">de<\/span> <time class=\"date date-start\" itemprop=\"dtstart\" datetime=\"2025-07-18T00:00:00+00:00\">18 juillet 2025<\/time> <span class=\"linking_word linking_word-to\">\u00e0<\/span> <time class=\"date date-to\" itemprop=\"dtend\" datetime=\"2025-07-20T00:00:00+00:00\">20 juillet 2025<\/time>\n\t\t\t\t\t\t<\/div><!-- .event_date --><span class=\"eventpost-status\">Planifi\u00e9<\/span>\n\t\t\t\t\t\t\t<span class=\"eventpost-date-export\">\n\t\t\t\t\t\t\t\t<a href=\"https:\/\/www.o-p-i.fr\/parlonsen\/eventpost\/65330.ics\" class=\"event_link event-export ics\" target=\"_blank\" title=\"T\u00e9l\u00e9charger au format ICS\">ical<\/a>\n\t\t\t\t\t\t\t\t<a href=\"https:\/\/www.google.com\/calendar\/event?action=TEMPLATE&trp=false&sprop=name&text=%C2%A0Stage+d%E2%80%99%C3%A9t%C3%A9+2025+%3A%C2%AB+Ma%C3%AEtrisez+l%27art+de+l%27%C3%A9loquence+et+l%27excellence+oratoire+%21%C2%BB...%C3%A0+Montauban+%2882%29&dates=20250718%2F20250720&location=Montauban%2C+Tarn-et-Garonne%2C+Occitanie%2C+France+m%C3%A9tropolitaine%2C+82000%2C+France&details=Vendredi+18%2C+samedi+19+et+dimanche+20+juillet+2025%2Cde+9h.30+%C3%A0+17h%2C+voir+programme%3A+%0D%0A%0D%0ARue+Garrel+%C3%A0MONTAUBAN+%2882%29-+%C3%A0+c%C3%B4t%C3%A9+d%E2%80%99Eurythmie-%0D%0A%0D%0AD%C3%A9roul%C3%A9+p%C3%A9dagogique+complet+%3A%C2%A0+https%3A%2F%2Fwww.spectable.com%2Fmaitrisez-art-de-eloquence-dans-votre-prise-de-parole%2F679252%0D%0A%0D%0A1%C2%B0+Jour%2C+LE+CORPS+%28Ethos%29%0D%0A%0D%0AComment+aborder+ces+points+%3A%0D%0A%0D%0AEn+utilisant+votre+corps%2C+votre+posture+ainsi+qu%E2%80%99une+bonne+gestuelle%2C+votre+respiration+qui+d%C3%A9montreront+votre+cr%C3%A9dibilit%C3%A9%2C+votre+autorit%C3%A9%2C+votre+caract%C3%A8re%2C+g%C3%A9rer+votre+stress.+N%E2%80%99oubliez+pas%2C+que+c%E2%80%99est+ce+que+vous+d%C3%A9gagez%2C+ce+que+vous+renvoyez+qui+touchera+votre+auditoire.%0D%0A%0D%0A2%C2%B0+jour+%2C+LA+VOIX+%28Pathos%29%0D%0A%0D%0AUtiliser+judicieusement+votre+voix+.%0D%0A%0D%0ANos+pr%C3%A9cieux+alli%C3%A9s+seront+%3A+La+politesse+articulatoire+%2C+la+hauteur+de+voix%2C+l%E2%80%99Intensit%C3%A9%2C+ouverture+des+fausses+cordes+vocales%2C+syst%C3%A8me+phonatoire%2C+colonne+d%E2%80%99air%2C+voix+dans+le+masque%2C+la+prosodie+%2Csolf%C3%A8ge+complet+de+la+diction%2C+le+lire%2Fdire%2C+toucher+votre+interlocuteur+avec+des+%C3%A9motions%0D%0A%0D%0A3%C2%B0+jour%2C+LES+MOTS+%28+logos%29%0D%0A%0D%0APour+finir%2C+les+mots%2C+la+logique+du+discours+qui+est+constitu%C3%A9+des+arguments+et+des+id%C3%A9es+du+message+que+l%E2%80%99on+veut+faire+passer%0D%0A%0D%0AConstruire+un+discours%2C+question+rh%C3%A9torique+qui+constituera+une+transition%2C+la+narration%0D%0A%0D%0Ales+arguments%2C+les+figures+de+style+%2C+les+r%C3%A9futations+%2C+la+p%C3%A9roraison+..%0D%0A%0D%0ASoyez+%C3%A9loquent%2C+le+monde+vous+attend%0D%0A%0D%0AConvivialit%C3%A9%2C+gait%C3%A9%2C+repas+partag%C3%A9.%0D%0A%0D%0ATarif+%3A+80%E2%82%AC%2Fjour+%2870%E2%82%AC+pour+les+personnes+avec+qui+j%E2%80%99ai+d%C3%A9j%C3%A0+travaill%C3%A9%29+%E2%80%93Tarif+r%C3%A9duit+%3A+60+%E2%82%AC+pour+les+demandeurs+d%E2%80%99emploi%2C+%C3%A9tudiants%E2%80%A6Envoi+du+bulletin+d%E2%80%99inscription+sur+simple+demande%0D%0A%0D%0AJean-Yves+PAGES+-0689334690%0D%0A%0D%0AMail%3A+jeanyvespages86%40gmail.com%0D%0A%0D%0Ahttps%3A%2F%2Fjean-yvespages.wixsite.com%2Fcomedien%0D%0A%0D%0AA+suivre%2C+stage+de+conte+sur+2+jours+les+26+et+27Juillet+2025%0D%0A%0D%0Ahttps%3A%2F%2Fwww.spectable.com%2Fart-de-conter%2F453707%0D%0A%0D%0AInformation+communiqu%C3%A9e+par+Jean-Yves+PAGES%0D%0A%0D%0ARetrouvez+tous+les+%C3%A9v%C3%A9nements+dans+l%27agenda+%21%0A%0Ahttps%3A%2F%2Fwww.o-p-i.fr%2Fparlonsen%2Fparlons-en%2Fformation-parlons-en%2Fstage-dete-2025-maitrisez-lart-de-leloquence-et-lexcellence-oratoire-a-montauban-82%2F&gmt=%2B02&ctz=Europe\/Paris\" class=\"event_link event-export gcal\" target=\"_blank\" title=\"Ajouter \u00e0 Google agenda\">Google<\/a>\n\t\t\t\t\t\t\t\t<a href=\"https:\/\/www.o-p-i.fr\/parlonsen\/eventpost\/65330.vcs\" class=\"event_link event-export vcs\" target=\"_blank\" title=\"Ajouter \u00e0 Outlook\">outlook<\/a>\n\t\t\t\t\t\t\t\t<i class=\"dashicons-before dashicons-calendar\"><\/i>\n\t\t\t\t\t\t\t<\/span>\n\t\t\t\t\t<\/div><!-- .event_date --><\/div><!-- .event_item -->\r\n<hr><div class=\"event_item event_past status-EventScheduled location-type-OfflineEventAttendanceMode post_tag-stages post_tag-expression orale post_tag-S2925 category-Vie Pratique category-Rabastens category-N\u00b0 232 - Juillet 2025 category-N\u00b0 233 - Ao\u00fbt 2025 category-N\u00b0 234 - Septembre 2025\" data-color=\"000000\" style=\"\"><a href=\"https:\/\/www.o-p-i.fr\/parlonsen\/parlons-en\/pratique\/stage-dexpression-orale-et-de-lecture-a-voix-haute-a-rabastens-81\/\"><span class=\"event_thumbnail_wrap\"><img loading=\"lazy\" decoding=\"async\" width=\"105\" height=\"300\" src=\"https:\/\/i0.wp.com\/www.o-p-i.fr\/parlonsen\/wp-content\/uploads\/stage-phedre2014.jpg?fit=105%2C300&amp;ssl=1\" class=\"attachment-thumbnail wp-post-image event_thumbnail wp-post-image\" alt=\"\" srcset=\"https:\/\/i0.wp.com\/www.o-p-i.fr\/parlonsen\/wp-content\/uploads\/stage-phedre2014.jpg?resize=105%2C300&amp;ssl=1 105w, https:\/\/i0.wp.com\/www.o-p-i.fr\/parlonsen\/wp-content\/uploads\/stage-phedre2014.jpg?zoom=2&amp;resize=105%2C300&amp;ssl=1 210w\" sizes=\"auto, (max-width: 105px) 100vw, 105px\" \/><\/span><h5>Stage d'expression orale et de lecture \u00e0 voix haute ...\u00e0 Rabastens (81) <\/h5><\/a><div class=\"event_data event_date \" itemscope itemtype=\"http:\/\/microformats.org\/profile\/hcard\">\n\t\t\t\t\t\t<div class=\"event_date\" data-start=\"vendredi 18 juillet 2025\" data-end=\"vendredi 18 juillet 2025\">\n\t\t\t\t\t\t\t<time itemprop=\"dtstart\" datetime=\"2025-07-18T12:00:00+02:00\"><span class=\"date date-single\">18 juillet 2025<\/span> <span class=\"linking_word\">\u00e0<\/span> <span class=\"time time-single\">12h00<\/span>\n\t\t\t\t\t\t\t<\/time>\n\t\t\t\t\t\t<\/div><!-- .event_date --><span class=\"eventpost-status\">Planifi\u00e9<\/span>\n\t\t\t\t\t\t\t<span class=\"eventpost-date-export\">\n\t\t\t\t\t\t\t\t<a href=\"https:\/\/www.o-p-i.fr\/parlonsen\/eventpost\/64819.ics\" class=\"event_link event-export ics\" target=\"_blank\" title=\"T\u00e9l\u00e9charger au format ICS\">ical<\/a>\n\t\t\t\t\t\t\t\t<a href=\"https:\/\/www.google.com\/calendar\/event?action=TEMPLATE&trp=false&sprop=name&text=Stage+d%27expression+orale+et+de+lecture+%C3%A0+voix+haute+...%C3%A0+Rabastens+%2881%29&dates=20250718T120000%2F20250718T120000&location=Rabastens%2C+Albi%2C+Tarn%2C+Occitanie%2C+France+m%C3%A9tropolitaine%2C+81800%2C+France&details=Du+lundi+21+au+vendredi+25+juillet+et+du+lundi+4+au+vendredi%C2%A0+8+ao%C3%BBt+2025%2C+au+Pr%C3%A9+Vert%3A%0D%0A%0D%0AVous+trouverez+ci-dessous%2C+les+dates+des+prochains+stages+de+Lecture+%C3%A0+Voix+Haute.%0D%0A%0D%0A%C3%80+RABASTENS+%2881%29%0D%0AAu+Pr%C3%A9+vert%C2%A0%0D%0A%0D%0ADu+lundi+21+au+vendredi+25+juillet+2025%0D%0ADu+lundi+04+au+vendredi+08+ao%C3%BBt+2025%0D%0A%0D%0ALire+%C3%A0+voix+haute+%3A+c%E2%80%99est%2C+avant+tout%2C+un+corps+qui+parle+%21%0D%0AC%E2%80%99est+restituer+la+parole+de+l%E2%80%99auteur+et+nous+ouvrir+%C3%A0+sa+vision+du+monde+et+%C3%A0+sa+po%C3%A9sie.%0D%0AC%E2%80%99est+%C3%A9galement+tenter+d%27entrer+en+r%C3%A9sonance+avec+l%E2%80%99imaginaire+de+l%E2%80%99auditeur.%0D%0AC%E2%80%99est+aussi+favoriser+une+musicalit%C3%A9+qui+fait+sens.%0D%0AC%27est+accepter+le+r%C3%B4le+de+passeur.%0D%0A%0D%0ALes+lundi%2C+mardi%2C+jeudi+et+vendredi+de+14+H+%C3%A0+19+H%0D%0AEt+le+mercredi+de+9+H+30+%C3%A0+13+H+30%0D%0A%0D%0AStages+limit%C3%A9s+%C3%A0+huit+personnes+H%C3%A9bergement+abordable+%C3%A0+proximit%C3%A9+Covoiturage+possible%0D%0A%0D%0A%0D%0A%0D%0ARenseignements%3A+Gilles+FOSSIER%0D%0AT%C3%A9l%3A+06+65+48+73+88%0D%0AMail+%3A+gilles.fossier9%40orange.fr%0D%0A%0D%0AInformation+communiqu%C3%A9e+par+Gilles+FOSSIER%0D%0A%0D%0ARetrouvez+tous+les+%C3%A9v%C3%A9nements+dans+l%27agenda+%21%0A%0Ahttps%3A%2F%2Fwww.o-p-i.fr%2Fparlonsen%2Fparlons-en%2Fpratique%2Fstage-dexpression-orale-et-de-lecture-a-voix-haute-a-rabastens-81%2F&gmt=%2B02&ctz=Europe\/Paris\" class=\"event_link event-export gcal\" target=\"_blank\" title=\"Ajouter \u00e0 Google agenda\">Google<\/a>\n\t\t\t\t\t\t\t\t<a href=\"https:\/\/www.o-p-i.fr\/parlonsen\/eventpost\/64819.vcs\" class=\"event_link event-export vcs\" target=\"_blank\" title=\"Ajouter \u00e0 Outlook\">outlook<\/a>\n\t\t\t\t\t\t\t\t<i class=\"dashicons-before dashicons-calendar\"><\/i>\n\t\t\t\t\t\t\t<\/span>\n\t\t\t\t\t<\/div><!-- .event_date --><\/div><!-- .event_item -->\r\n<hr><div class=\"event_item event_past status-EventScheduled location-type-OfflineEventAttendanceMode post_tag-Cin\u00e9 Monclar post_format-Vid\u00e9o post_tag-S2925 category-Culture category-Monclar de Quercy category-Loisirs category-N\u00b0 232 - Juillet 2025\" data-color=\"000000\" style=\"\"><a href=\"https:\/\/www.o-p-i.fr\/parlonsen\/parlons-en\/culture\/cine-monclar-mamie-sitting\/\"><span class=\"event_thumbnail_wrap\"><img loading=\"lazy\" decoding=\"async\" width=\"225\" height=\"225\" src=\"https:\/\/i0.wp.com\/www.o-p-i.fr\/parlonsen\/wp-content\/uploads\/camera-cinema.jpg?fit=225%2C225&amp;ssl=1\" class=\"attachment-thumbnail wp-post-image event_thumbnail wp-post-image\" alt=\"\" srcset=\"https:\/\/i0.wp.com\/www.o-p-i.fr\/parlonsen\/wp-content\/uploads\/camera-cinema.jpg?w=225&amp;ssl=1 225w, https:\/\/i0.wp.com\/www.o-p-i.fr\/parlonsen\/wp-content\/uploads\/camera-cinema.jpg?resize=150%2C150&amp;ssl=1 150w, https:\/\/i0.wp.com\/www.o-p-i.fr\/parlonsen\/wp-content\/uploads\/camera-cinema.jpg?resize=100%2C100&amp;ssl=1 100w\" sizes=\"auto, (max-width: 225px) 100vw, 225px\" \/><\/span><h5>Cin\u00e9 Monclar - Mamie Sitting <\/h5><\/a><div class=\"event_data event_date \" itemscope itemtype=\"http:\/\/microformats.org\/profile\/hcard\">\n\t\t\t\t\t\t<div class=\"event_date\" data-start=\"vendredi 18 juillet 2025\" data-end=\"vendredi 18 juillet 2025\">\n\t\t\t\t\t\t\t<time itemprop=\"dtstart\" datetime=\"2025-07-18T21:00:00+02:00\"><span class=\"date date-single\">18 juillet 2025<\/span> <span class=\"linking_word linking_word-from\">de<\/span> <span class=\"time time-start\">21h00<\/span> <span class=\"linking_word linking_word-to\">\u00e0<\/span> <span class=\"time time-end\">23h00<\/span>\n\t\t\t\t\t\t\t<\/time>\n\t\t\t\t\t\t<\/div><!-- .event_date --><span class=\"eventpost-status\">Planifi\u00e9<\/span>\n\t\t\t\t\t\t\t<span class=\"eventpost-date-export\">\n\t\t\t\t\t\t\t\t<a href=\"https:\/\/www.o-p-i.fr\/parlonsen\/eventpost\/65810.ics\" class=\"event_link event-export ics\" target=\"_blank\" title=\"T\u00e9l\u00e9charger au format ICS\">ical<\/a>\n\t\t\t\t\t\t\t\t<a href=\"https:\/\/www.google.com\/calendar\/event?action=TEMPLATE&trp=false&sprop=name&text=Cin%C3%A9+Monclar+-+Mamie+Sitting&dates=20250718T210000%2F20250718T230000&location=Place+des+Capitouls%2C+82230+Monclar-de-Quercy&details=Vendredi+18+juillet+2025+%C3%A0+21h.%0AMamie+Sitting%0APour+voir+la+bande+annonce%2C+cliquez+ici%0A+%0A+%0A+%0A+%0A+%0A%5Bsiteorigin_widget+class%3D%22SiteOrigin_Widget_Video_Widget%22%5D%5B%2Fsiteorigin_widget%5D%0A%09Pour+voir+le+programme+illustr%C3%A9+cliquez+A4+148-OK%0AInformation+communiqu%C3%A9e+par+Guy+ROUMAGNAC%0A%0D%0A%0D%0AFiche+Annuaire%0D%0A%0D%0A%0D%0APlace+des+Capitouls%2C%0D%0A82230+Monclar-de-Quercy%0D%0ACin%C3%A9ma+Monclar+de+Quercy+%0D%0A%0D%0A%0D%0A%5Bsiteorigin_widget+class%3D%22WP_Widget_Block%22%5D%5B%2Fsiteorigin_widget%5D%0A%0Ahttps%3A%2F%2Fwww.o-p-i.fr%2Fparlonsen%2Fparlons-en%2Fculture%2Fcine-monclar-mamie-sitting%2F&gmt=%2B02&ctz=Europe\/Paris\" class=\"event_link event-export gcal\" target=\"_blank\" title=\"Ajouter \u00e0 Google agenda\">Google<\/a>\n\t\t\t\t\t\t\t\t<a href=\"https:\/\/www.o-p-i.fr\/parlonsen\/eventpost\/65810.vcs\" class=\"event_link event-export vcs\" target=\"_blank\" title=\"Ajouter \u00e0 Outlook\">outlook<\/a>\n\t\t\t\t\t\t\t\t<i class=\"dashicons-before dashicons-calendar\"><\/i>\n\t\t\t\t\t\t\t<\/span>\n\t\t\t\t\t<\/div><!-- .event_date --><\/div><!-- .event_item -->\r\n<hr><div class=\"event_item event_past status-EventScheduled location-type-OfflineEventAttendanceMode post_tag-f\u00eate post_tag-ap\u00e9ro tapas post_tag-doublette p\u00e9tanque post_tag-S2925 category-Garganvillar category-Loisirs category-N\u00b0 232 - Juillet 2025\" data-color=\"000000\" style=\"\"><a href=\"https:\/\/www.o-p-i.fr\/parlonsen\/parlons-en\/loisirs\/fete-a-garganvillar-82\/\"><span class=\"event_thumbnail_wrap\"><img loading=\"lazy\" decoding=\"async\" width=\"300\" height=\"222\" src=\"https:\/\/i0.wp.com\/www.o-p-i.fr\/parlonsen\/wp-content\/uploads\/petanque-1.jpg?fit=300%2C222&amp;ssl=1\" class=\"attachment-thumbnail wp-post-image event_thumbnail wp-post-image\" alt=\"\" srcset=\"https:\/\/i0.wp.com\/www.o-p-i.fr\/parlonsen\/wp-content\/uploads\/petanque-1.jpg?w=425&amp;ssl=1 425w, https:\/\/i0.wp.com\/www.o-p-i.fr\/parlonsen\/wp-content\/uploads\/petanque-1.jpg?resize=300%2C222&amp;ssl=1 300w, https:\/\/i0.wp.com\/www.o-p-i.fr\/parlonsen\/wp-content\/uploads\/petanque-1.jpg?resize=400%2C296&amp;ssl=1 400w, https:\/\/i0.wp.com\/www.o-p-i.fr\/parlonsen\/wp-content\/uploads\/petanque-1.jpg?resize=150%2C111&amp;ssl=1 150w, https:\/\/i0.wp.com\/www.o-p-i.fr\/parlonsen\/wp-content\/uploads\/petanque-1.jpg?resize=100%2C74&amp;ssl=1 100w\" sizes=\"auto, (max-width: 300px) 100vw, 300px\" \/><\/span><h5>F\u00eate de village ... \u00e0 Garganvillar (82) <\/h5><\/a><div class=\"event_data event_date \" itemscope itemtype=\"http:\/\/microformats.org\/profile\/hcard\">\n\t\t\t\t\t\t<div class=\"event_date\" data-start=\"samedi 19 juillet 2025\" data-end=\"lundi 21 juillet 2025\"> <span class=\"linking_word linking_word-from\">de<\/span> <time class=\"date date-start\" itemprop=\"dtstart\" datetime=\"2025-07-19T00:00:00+00:00\">19 juillet 2025<\/time> <span class=\"linking_word linking_word-to\">\u00e0<\/span> <time class=\"date date-to\" itemprop=\"dtend\" datetime=\"2025-07-21T00:00:00+00:00\">21 juillet 2025<\/time>\n\t\t\t\t\t\t<\/div><!-- .event_date --><span class=\"eventpost-status\">Planifi\u00e9<\/span>\n\t\t\t\t\t\t\t<span class=\"eventpost-date-export\">\n\t\t\t\t\t\t\t\t<a href=\"https:\/\/www.o-p-i.fr\/parlonsen\/eventpost\/65532.ics\" class=\"event_link event-export ics\" target=\"_blank\" title=\"T\u00e9l\u00e9charger au format ICS\">ical<\/a>\n\t\t\t\t\t\t\t\t<a href=\"https:\/\/www.google.com\/calendar\/event?action=TEMPLATE&trp=false&sprop=name&text=F%C3%AAte+de+village+...+%C3%A0+Garganvillar+%2882%29&dates=20250719%2F20250721&location=Garganvillar%2C+Castelsarrasin%2C+Tarn-et-Garonne%2C+Occitanie%2C+France+m%C3%A9tropolitaine%2C+82100%2C+France&details=Samedi+19%2C+dimanche+20+et+lundi+21+juillet+2025%2C+voir+programme%3AVenez+c%C3%A9l%C3%A9brer+Garganvillar+en+f%C3%AAte+sur+3+jours+d%27animations+et+de+convivialit%C3%A9.%0D%0A%0D%0ASamedi+19+juillet+%3A%0D%0A%0D%0A+%0914h30+%3A+Concours+amical+doublette%0D%0A+%0920h+%3A+soir%C3%A9e+Tapas%2C+bandas%2C+bal+disco+organis%C3%A9e+par+le+club+de+p%C3%A9tanque%0D%0A%0D%0ADimanche+20+juillet+%3A%0D%0A%0D%0A+%0920h+%3A+Paella+g%C3%A9ante+et+soir%C3%A9e+avec+Didier+Laurent%0D%0A%0D%0ALundi+21+juillet+%3A%0D%0A%0D%0A+%0914h30+%3A+Concours+officiel+doublette%0D%0A%0D%0AR%C3%A9servez+avant+le+15+juillet+2025%0D%0A%0D%0AContactez-nous+au+06.76.40.59.19+ou+06.62.49.73.01+pour+le+samedi%2C%0D%0A%0D%0Aet+07.81.26.57.52+pour+le+dimanche.%0D%0A%0D%0ABuvette+sur+place.%0D%0A%0D%0AAdresse+de+l%27%C3%A9v%C3%A8nement%0D%0APlace+du+village%0D%0A82100+garganvillar%0D%0AOrganisateur+de+l%27%C3%A9n%C3%A8vement%0D%0AClub+de+p%C3%A9tanque%0D%0APersonne+%2F+Organisation+%C3%A0+contacter+%3A%0D%0AAlbert+Viriato%0D%0AT%C3%A9l%C3%A9phone+%3A+06+76+40+59+19%0D%0ACourriel+%3A%C2%A0+cbgarganvillar%40gmail.com%0D%0A%0D%0A%0D%0A%0D%0AInformation+communiqu%C3%A9e+par+le+Club+de+P%C3%A9tanque%0D%0A%0D%0ARetrouvez+tous+les+%C3%A9v%C3%A9nements+dans+l%27agenda+%21%0A%0Ahttps%3A%2F%2Fwww.o-p-i.fr%2Fparlonsen%2Fparlons-en%2Floisirs%2Ffete-a-garganvillar-82%2F&gmt=%2B02&ctz=Europe\/Paris\" class=\"event_link event-export gcal\" target=\"_blank\" title=\"Ajouter \u00e0 Google agenda\">Google<\/a>\n\t\t\t\t\t\t\t\t<a href=\"https:\/\/www.o-p-i.fr\/parlonsen\/eventpost\/65532.vcs\" class=\"event_link event-export vcs\" target=\"_blank\" title=\"Ajouter \u00e0 Outlook\">outlook<\/a>\n\t\t\t\t\t\t\t\t<i class=\"dashicons-before dashicons-calendar\"><\/i>\n\t\t\t\t\t\t\t<\/span>\n\t\t\t\t\t<\/div><!-- .event_date --><\/div><!-- .event_item -->\r\n<hr><div class=\"event_item event_past status-EventScheduled location-type-OfflineEventAttendanceMode post_tag-visites guid\u00e9es post_tag-S2925 post_tag-visites enfants category-Agriculture category-Montauban category-N\u00b0 232 - Juillet 2025 category-N\u00b0 234 - Septembre 2025\" data-color=\"000000\" style=\"\"><a href=\"https:\/\/www.o-p-i.fr\/parlonsen\/parlons-en\/agriculture\/un-ete-a-la-ferme-a-montauban-82\/\"><span class=\"event_thumbnail_wrap\"><img loading=\"lazy\" decoding=\"async\" width=\"198\" height=\"200\" src=\"https:\/\/i0.wp.com\/www.o-p-i.fr\/parlonsen\/wp-content\/uploads\/bienvenue-a-la-ferme.jpg?fit=198%2C200&amp;ssl=1\" class=\"attachment-thumbnail wp-post-image event_thumbnail wp-post-image\" alt=\"\" \/><\/span><h5>Un \u00e9t\u00e9 \u00e0 la ferme... \u00e0 Montauban (82) <\/h5><\/a><div class=\"event_data event_date \" itemscope itemtype=\"http:\/\/microformats.org\/profile\/hcard\">\n\t\t\t\t\t\t<div class=\"event_date\" data-start=\"samedi 19 juillet 2025\" data-end=\"samedi 19 juillet 2025\">\n\t\t\t\t\t\t\t<time itemprop=\"dtstart\" datetime=\"2025-07-19T12:00:00+02:00\"><span class=\"date date-single\">19 juillet 2025<\/span> <span class=\"linking_word\">\u00e0<\/span> <span class=\"time time-single\">12h00<\/span>\n\t\t\t\t\t\t\t<\/time>\n\t\t\t\t\t\t<\/div><!-- .event_date --><span class=\"eventpost-status\">Planifi\u00e9<\/span>\n\t\t\t\t\t\t\t<span class=\"eventpost-date-export\">\n\t\t\t\t\t\t\t\t<a href=\"https:\/\/www.o-p-i.fr\/parlonsen\/eventpost\/65776.ics\" class=\"event_link event-export ics\" target=\"_blank\" title=\"T\u00e9l\u00e9charger au format ICS\">ical<\/a>\n\t\t\t\t\t\t\t\t<a href=\"https:\/\/www.google.com\/calendar\/event?action=TEMPLATE&trp=false&sprop=name&text=Un+%C3%A9t%C3%A9+%C3%A0+la+ferme...+%C3%A0+Montauban+%2882%29&dates=20250719T120000%2F20250719T120000&location=Montauban%2C+Tarn-et-Garonne%2C+Occitanie%2C+France+m%C3%A9tropolitaine%2C+82000%2C+France&details=A+partir+du+samedi+19+juillet+2025%2C+%C3%A0+la+ferme+du+Ramier%2C+voir+programme%3A%0D%0A%0D%0ANotre+ferme+est+ouverte+tout+l%E2%80%99%C3%A9t%C3%A9+%3A%0D%0Adu+lundi+au+samedi+de+9h+%C3%A0+12h30+et+15h+%C3%A0+18h30.%0D%0AElle+est+ouverte+le+14+juillet+et+le+15+ao%C3%BBt.+Elle+est+ferm%C3%A9e+le+dimanche.%0D%0ALes+petits+animaux+de+la+ferme%2C+les+vaches+et+leurs+petits+veaux%2C+les+tracteurs+%C3%A0+p%C3%A9dales+et+autres+jeux+de+plein+air....%0D%0ADu+lundi+au+samedi+de+9h+%C3%A0+12h30+et+de+15h+%C3%A0+18h30%2C+sans+r%C3%A9servation+%3A+il+faut+arriver+1+h+avant+la+fermeture.+Ferm%C3%A9+le+dimanche.%0D%0AEntr%C3%A9e%3A+3+%E2%82%AC+par+personne%2C+ou+10+%E2%82%AC+pour+une+famille+%282+adultes+et+3+enfants+maxi%29.+Gratuit+pour+%E2%80%93+1+an.%0D%0A%0D%0AVisites+guid%C3%A9es+et+animations+pour+les+enfants+%3A+tour+de+petit+train%2C+tracteurs+%C3%A0+p%C3%A9dales%2C+les+animaux+de+la+ferme%2C+glaces+au+bon+lait+de+la+ferme.%0D%0A%0D%0ATous+les+mercredis+des+vacances%2C+sans+r%C3%A9servation+%3A+il+faut+arriver+le+matin+%C3%A0+10h%2C+ou+l%27apr%C3%A8s+midi+entre+15h+et+16h.+Ferm%C3%A9+entre+12h30+et+15h.%0D%0A%0D%0AEntr%C3%A9e+%3A+5+%E2%82%AC+par+personne%2C+ou+16+%E2%82%AC+pour+une+famille+%282+adultes+et+3+enfants+maxi%29.+Gratuit+pour+%E2%80%93+1+an.+Go%C3%BBter+non+compris.%0D%0A%0D%0APour+en+savoir+plus+cliquez+ici%0D%0A%0D%0AQuel+plaisir+de+passer+un+moment+%C3%A0+la+ferme...+Cet+%C3%A9t%C3%A9%2C+prenez+le+temps+de+venir+nous+voir+%21+Chacun+y+trouvera+son+plaisir+%F0%9F%A4%97.%0D%0A%0D%0APour+d%C3%A9couvrir+une+ferme+moderne+dans+le+respect+de+son+environnement+%3A+l%27%C3%A9table+des+vaches+tout+confort%2C+la+traite+en+libre+service%2C+la+fabrication+et+l%27affinage+des+fromages%2C+sans+oublier+la+d%C3%A9gustation%F0%9F%98%8B%0D%0ATous+les+samedis+%C3%A0+16h%2C+sans+r%C3%A9servation.%0D%0A%0D%0AEntr%C3%A9e+%3A+5+%E2%82%AC+par+personne%2C+ou+16+%E2%82%AC+pour+une+famille+%282+adultes+et+3+enfants+maxi%29.+Gratuit+pour+%E2%80%93+1+an.%0D%0A%0D%0AH%C3%A9l%C3%A8ne+et+Edith%2C+agricultrices%0D%0A%0D%0AInformation+communiqu%C3%A9e+par+La+Ferme+du+Ramier%0D%0A%0D%0ARetrouvez+tous+les+%C3%A9v%C3%A9nements+dans+l%27agenda+%21%0D%0A%0D%0A+%0A%0Ahttps%3A%2F%2Fwww.o-p-i.fr%2Fparlonsen%2Fparlons-en%2Fagriculture%2Fun-ete-a-la-ferme-a-montauban-82%2F&gmt=%2B02&ctz=Europe\/Paris\" class=\"event_link event-export gcal\" target=\"_blank\" title=\"Ajouter \u00e0 Google agenda\">Google<\/a>\n\t\t\t\t\t\t\t\t<a href=\"https:\/\/www.o-p-i.fr\/parlonsen\/eventpost\/65776.vcs\" class=\"event_link event-export vcs\" target=\"_blank\" title=\"Ajouter \u00e0 Outlook\">outlook<\/a>\n\t\t\t\t\t\t\t\t<i class=\"dashicons-before dashicons-calendar\"><\/i>\n\t\t\t\t\t\t\t<\/span>\n\t\t\t\t\t<\/div><!-- .event_date --><\/div><!-- .event_item -->\r\n<hr><div class=\"event_item event_past status-EventScheduled location-type-OfflineEventAttendanceMode post_tag-Cin\u00e9 Monclar post_format-Vid\u00e9o post_tag-S2925 category-Culture category-Monclar de Quercy category-Loisirs category-N\u00b0 232 - Juillet 2025\" data-color=\"000000\" style=\"\"><a href=\"https:\/\/www.o-p-i.fr\/parlonsen\/parlons-en\/culture\/cine-monclar-laventura\/\"><span class=\"event_thumbnail_wrap\"><img loading=\"lazy\" decoding=\"async\" width=\"225\" height=\"225\" src=\"https:\/\/i0.wp.com\/www.o-p-i.fr\/parlonsen\/wp-content\/uploads\/camera-cinema.jpg?fit=225%2C225&amp;ssl=1\" class=\"attachment-thumbnail wp-post-image event_thumbnail wp-post-image\" alt=\"\" srcset=\"https:\/\/i0.wp.com\/www.o-p-i.fr\/parlonsen\/wp-content\/uploads\/camera-cinema.jpg?w=225&amp;ssl=1 225w, https:\/\/i0.wp.com\/www.o-p-i.fr\/parlonsen\/wp-content\/uploads\/camera-cinema.jpg?resize=150%2C150&amp;ssl=1 150w, https:\/\/i0.wp.com\/www.o-p-i.fr\/parlonsen\/wp-content\/uploads\/camera-cinema.jpg?resize=100%2C100&amp;ssl=1 100w\" sizes=\"auto, (max-width: 225px) 100vw, 225px\" \/><\/span><h5>Cin\u00e9 Monclar - L'aventura <\/h5><\/a><div class=\"event_data event_date \" itemscope itemtype=\"http:\/\/microformats.org\/profile\/hcard\">\n\t\t\t\t\t\t<div class=\"event_date\" data-start=\"dimanche 20 juillet 2025\" data-end=\"dimanche 20 juillet 2025\">\n\t\t\t\t\t\t\t<time itemprop=\"dtstart\" datetime=\"2025-07-20T21:00:00+02:00\"><span class=\"date date-single\">20 juillet 2025<\/span> <span class=\"linking_word linking_word-from\">de<\/span> <span class=\"time time-start\">21h00<\/span> <span class=\"linking_word linking_word-to\">\u00e0<\/span> <span class=\"time time-end\">23h00<\/span>\n\t\t\t\t\t\t\t<\/time>\n\t\t\t\t\t\t<\/div><!-- .event_date --><span class=\"eventpost-status\">Planifi\u00e9<\/span>\n\t\t\t\t\t\t\t<span class=\"eventpost-date-export\">\n\t\t\t\t\t\t\t\t<a href=\"https:\/\/www.o-p-i.fr\/parlonsen\/eventpost\/65814.ics\" class=\"event_link event-export ics\" target=\"_blank\" title=\"T\u00e9l\u00e9charger au format ICS\">ical<\/a>\n\t\t\t\t\t\t\t\t<a href=\"https:\/\/www.google.com\/calendar\/event?action=TEMPLATE&trp=false&sprop=name&text=Cin%C3%A9+Monclar+-+L%27aventura&dates=20250720T210000%2F20250720T230000&location=Place+des+Capitouls%2C+82230+Monclar-de-Quercy&details=Dimanche+20+juillet+2025+%C3%A0+21h.%0AL%27aventura%0APour+voir+la+bande+annonce%2C+cliquez+ici%C2%A0%0A+%0A+%0A%5Bsiteorigin_widget+class%3D%22SiteOrigin_Widget_Video_Widget%22%5D%5B%2Fsiteorigin_widget%5D%0A%09Pour+voir+le+programme+illustr%C3%A9+cliquez+A4+148-OK%0AInformation+communiqu%C3%A9e+par+Guy+ROUMAGNAC%0A%0D%0A%0D%0AFiche+Annuaire%0D%0A%0D%0A%0D%0APlace+des+Capitouls%2C%0D%0A82230+Monclar-de-Quercy%0D%0ACin%C3%A9ma+Monclar+de+Quercy+%0D%0A%0D%0A%0D%0A%5Bsiteorigin_widget+class%3D%22WP_Widget_Block%22%5D%5B%2Fsiteorigin_widget%5D%0A%0Ahttps%3A%2F%2Fwww.o-p-i.fr%2Fparlonsen%2Fparlons-en%2Fculture%2Fcine-monclar-laventura%2F&gmt=%2B02&ctz=Europe\/Paris\" class=\"event_link event-export gcal\" target=\"_blank\" title=\"Ajouter \u00e0 Google agenda\">Google<\/a>\n\t\t\t\t\t\t\t\t<a href=\"https:\/\/www.o-p-i.fr\/parlonsen\/eventpost\/65814.vcs\" class=\"event_link event-export vcs\" target=\"_blank\" title=\"Ajouter \u00e0 Outlook\">outlook<\/a>\n\t\t\t\t\t\t\t\t<i class=\"dashicons-before dashicons-calendar\"><\/i>\n\t\t\t\t\t\t\t<\/span>\n\t\t\t\t\t<\/div><!-- .event_date --><\/div><!-- .event_item -->\r\n<hr><div class=\"event_item event_past status-EventScheduled location-type-OfflineEventAttendanceMode post_tag-ateliers enfants post_tag-atelier adultes post_tag-atelier cr\u00e9atif post_tag-programme d'\u00e9t\u00e9 post_tag-S2925 category-Loisirs category-Septfonds category-N\u00b0 232 - Juillet 2025\" data-color=\"000000\" style=\"\"><a href=\"https:\/\/www.o-p-i.fr\/parlonsen\/parlons-en\/loisirs\/maison-des-memoires-a-septfonds-82\/\"><span class=\"event_thumbnail_wrap\"><img loading=\"lazy\" decoding=\"async\" width=\"300\" height=\"81\" src=\"https:\/\/i0.wp.com\/www.o-p-i.fr\/parlonsen\/wp-content\/uploads\/mouni%C3%A8re1.jpg?fit=300%2C81&amp;ssl=1\" class=\"attachment-thumbnail wp-post-image event_thumbnail wp-post-image\" alt=\"\" \/><\/span><h5>Maison des m\u00e9moires ...\u00e0 Septfonds (82) <\/h5><\/a><div class=\"event_data event_date \" itemscope itemtype=\"http:\/\/microformats.org\/profile\/hcard\">\n\t\t\t\t\t\t<div class=\"event_date\" data-start=\"lundi 21 juillet 2025\" data-end=\"lundi 21 juillet 2025\">\n\t\t\t\t\t\t\t<time itemprop=\"dtstart\" datetime=\"2025-07-21T12:00:00+02:00\"><span class=\"date date-single\">21 juillet 2025<\/span> <span class=\"linking_word\">\u00e0<\/span> <span class=\"time time-single\">12h00<\/span>\n\t\t\t\t\t\t\t<\/time>\n\t\t\t\t\t\t<\/div><!-- .event_date --><span class=\"eventpost-status\">Planifi\u00e9<\/span>\n\t\t\t\t\t\t\t<span class=\"eventpost-date-export\">\n\t\t\t\t\t\t\t\t<a href=\"https:\/\/www.o-p-i.fr\/parlonsen\/eventpost\/65716.ics\" class=\"event_link event-export ics\" target=\"_blank\" title=\"T\u00e9l\u00e9charger au format ICS\">ical<\/a>\n\t\t\t\t\t\t\t\t<a href=\"https:\/\/www.google.com\/calendar\/event?action=TEMPLATE&trp=false&sprop=name&text=Maison+des+m%C3%A9moires+...%C3%A0+Septfonds+%2882%29&dates=20250721T120000%2F20250721T120000&location=Septfonds%2C+Montauban%2C+Tarn-et-Garonne%2C+Occitanie%2C+France+m%C3%A9tropolitaine%2C+82240%2C+France&details=Voir+le+programme+de+juillet+et+ao%C3%BBt+2025%2CLa+Mouni%C3%A8re%3A%0D%0A%0D%0ARetrouvez+nos+ateliers+cr%C3%A9atifs+pour+petits+et+grands%2C+chaque+mercredi.%0D%0AEt+samedi+26+juillet%2C+ne+manquez+pas+la+lecture+musicale+%22La+dr%C3%B4le+de+guerre+de+James+S%C3%A9gal%22%0D%0Apar+Estelle+Desmard%2C+accompagn%C3%A9e+par+le+musicien+Fr%C3%A9d%C3%A9rick+B%C3%A9d%C3%A9%2A%0D%0A%0D%0ADepuis+le+1er+juillet%2C+La+Mouni%C3%A8re+est+pass%C3%A9e+%C3%A0+l%27heure+d%27%C3%A9t%C3%A9+%E2%98%80%EF%B8%8F%0D%0AOuverture+du+mercredi+au+dimanche+de+14h30+%C3%A0+18h30.%0D%0A%0D%0A%0D%0A%0D%0A+%0D%0A%0D%0AInformation+communiqu%C3%A9e+par+%22La+Mouni%C3%A8re%22%0D%0A%0D%0ARetrouvez+tous+les+%C3%A9v%C3%A9nements+dans+l%27agenda+%21%0A%0Ahttps%3A%2F%2Fwww.o-p-i.fr%2Fparlonsen%2Fparlons-en%2Floisirs%2Fmaison-des-memoires-a-septfonds-82%2F&gmt=%2B02&ctz=Europe\/Paris\" class=\"event_link event-export gcal\" target=\"_blank\" title=\"Ajouter \u00e0 Google agenda\">Google<\/a>\n\t\t\t\t\t\t\t\t<a href=\"https:\/\/www.o-p-i.fr\/parlonsen\/eventpost\/65716.vcs\" class=\"event_link event-export vcs\" target=\"_blank\" title=\"Ajouter \u00e0 Outlook\">outlook<\/a>\n\t\t\t\t\t\t\t\t<i class=\"dashicons-before dashicons-calendar\"><\/i>\n\t\t\t\t\t\t\t<\/span>\n\t\t\t\t\t<\/div><!-- .event_date --><\/div><!-- .event_item -->\r\n<hr><div class=\"event_item event_past status-EventScheduled location-type-OfflineEventAttendanceMode post_tag-balade post_tag-balade botanique post_tag-balade d\u00e9couverte post_tag-S2925 category-N\u00b0 232-Juillet 2025 category-Environnement category-Formation category-Monclar de Quercy category-N\u00b0 233 - Ao\u00fbt 2025\" data-color=\"000000\" style=\"\"><a href=\"https:\/\/www.o-p-i.fr\/parlonsen\/localisation\/au-pays-des-tescous\/monclar\/balade-botanique-a-monclar-de-quercy-82-2\/\"><span class=\"event_thumbnail_wrap\"><img loading=\"lazy\" decoding=\"async\" width=\"300\" height=\"200\" src=\"https:\/\/i0.wp.com\/www.o-p-i.fr\/parlonsen\/wp-content\/uploads\/vide-grenier-monclar.jpg?fit=300%2C200&amp;ssl=1\" class=\"attachment-thumbnail wp-post-image event_thumbnail wp-post-image\" alt=\"\" srcset=\"https:\/\/i0.wp.com\/www.o-p-i.fr\/parlonsen\/wp-content\/uploads\/vide-grenier-monclar.jpg?w=400&amp;ssl=1 400w, https:\/\/i0.wp.com\/www.o-p-i.fr\/parlonsen\/wp-content\/uploads\/vide-grenier-monclar.jpg?resize=300%2C200&amp;ssl=1 300w\" sizes=\"auto, (max-width: 300px) 100vw, 300px\" \/><\/span><h5>Balade Botanique...\u00e0 Monclar de Quercy (82) <\/h5><\/a><div class=\"event_data event_date \" itemscope itemtype=\"http:\/\/microformats.org\/profile\/hcard\">\n\t\t\t\t\t\t<div class=\"event_date\" data-start=\"lundi 21 juillet 2025\" data-end=\"lundi 21 juillet 2025\">\n\t\t\t\t\t\t\t<time itemprop=\"dtstart\" datetime=\"2025-07-21T12:00:00+02:00\"><span class=\"date date-single\">21 juillet 2025<\/span> <span class=\"linking_word\">\u00e0<\/span> <span class=\"time time-single\">12h00<\/span>\n\t\t\t\t\t\t\t<\/time>\n\t\t\t\t\t\t<\/div><!-- .event_date --><span class=\"eventpost-status\">Planifi\u00e9<\/span>\n\t\t\t\t\t\t\t<span class=\"eventpost-date-export\">\n\t\t\t\t\t\t\t\t<a href=\"https:\/\/www.o-p-i.fr\/parlonsen\/eventpost\/65747.ics\" class=\"event_link event-export ics\" target=\"_blank\" title=\"T\u00e9l\u00e9charger au format ICS\">ical<\/a>\n\t\t\t\t\t\t\t\t<a href=\"https:\/\/www.google.com\/calendar\/event?action=TEMPLATE&trp=false&sprop=name&text=Balade+Botanique...%C3%A0+Monclar+de+Quercy+%2882%29&dates=20250721T120000%2F20250721T120000&location=Monclar-de-Quercy%2C+Montauban%2C+Tarn-et-Garonne%2C+Occitanie%2C+France+m%C3%A9tropolitaine%2C+82230%2C+France&details=En+juillet+et+ao%C3%BBt+2025%2C+%C3%A0+la+base+de+loisirs%2C+voir+le+programme%3A%0D%0A%0D%0AComme+les+ann%C3%A9es+pr%C3%A9c%C3%A9dentes%2C+nous+organisons+4+balades+botaniques+en+juillet+et+ao%C3%BBt+pour+nos+touristes%2C+mais+pas+que...%0D%0AMr+MALLERET%2C+b%C3%A9n%C3%A9vole+de+cette+animation+toujours+aussi+passionn%C3%A9+de+nature+sera+ravi+de+partager+ses+connaissances.%0D%0AQue+ces+rencontres+initi%C3%A9es+par+la+commission+%22base+de+loisirs+Monclar+station+verte%22+connaissent+un+beau+succ%C3%A8s.%0D%0A%0D%0A%0D%0AJe+vous+souhaite+un+bel+%C3%A9t%C3%A9%0D%0AColette+Guillaumenq%C2%A0+Tel+07+79+73+23+50%0D%0A%0D%0AInformation+communiqu%C3%A9e+par+Colette+MALTRAT%0D%0A%0D%0ARetrouvez+tous+les+%C3%A9v%C3%A9nements+dans+l%27agenda+%21%0A%0Ahttps%3A%2F%2Fwww.o-p-i.fr%2Fparlonsen%2Flocalisation%2Fau-pays-des-tescous%2Fmonclar%2Fbalade-botanique-a-monclar-de-quercy-82-2%2F&gmt=%2B02&ctz=Europe\/Paris\" class=\"event_link event-export gcal\" target=\"_blank\" title=\"Ajouter \u00e0 Google agenda\">Google<\/a>\n\t\t\t\t\t\t\t\t<a href=\"https:\/\/www.o-p-i.fr\/parlonsen\/eventpost\/65747.vcs\" class=\"event_link event-export vcs\" target=\"_blank\" title=\"Ajouter \u00e0 Outlook\">outlook<\/a>\n\t\t\t\t\t\t\t\t<i class=\"dashicons-before dashicons-calendar\"><\/i>\n\t\t\t\t\t\t\t<\/span>\n\t\t\t\t\t<\/div><!-- .event_date --><\/div><!-- .event_item -->\r\n<hr><div class=\"event_item event_past status-EventScheduled location-type-OfflineEventAttendanceMode post_tag-Cin\u00e9 Monclar post_format-Vid\u00e9o post_tag-S2925 category-Culture category-Monclar de Quercy category-Loisirs category-N\u00b0 232 - Juillet 2025\" data-color=\"000000\" style=\"\"><a href=\"https:\/\/www.o-p-i.fr\/parlonsen\/parlons-en\/culture\/cine-monclar-kneecap-vo\/\"><span class=\"event_thumbnail_wrap\"><img loading=\"lazy\" decoding=\"async\" width=\"225\" height=\"225\" src=\"https:\/\/i0.wp.com\/www.o-p-i.fr\/parlonsen\/wp-content\/uploads\/camera-cinema.jpg?fit=225%2C225&amp;ssl=1\" class=\"attachment-thumbnail wp-post-image event_thumbnail wp-post-image\" alt=\"\" srcset=\"https:\/\/i0.wp.com\/www.o-p-i.fr\/parlonsen\/wp-content\/uploads\/camera-cinema.jpg?w=225&amp;ssl=1 225w, https:\/\/i0.wp.com\/www.o-p-i.fr\/parlonsen\/wp-content\/uploads\/camera-cinema.jpg?resize=150%2C150&amp;ssl=1 150w, https:\/\/i0.wp.com\/www.o-p-i.fr\/parlonsen\/wp-content\/uploads\/camera-cinema.jpg?resize=100%2C100&amp;ssl=1 100w\" sizes=\"auto, (max-width: 225px) 100vw, 225px\" \/><\/span><h5>Cin\u00e9 Monclar - Kneecap VO <\/h5><\/a><div class=\"event_data event_date \" itemscope itemtype=\"http:\/\/microformats.org\/profile\/hcard\">\n\t\t\t\t\t\t<div class=\"event_date\" data-start=\"mardi 22 juillet 2025\" data-end=\"mardi 22 juillet 2025\">\n\t\t\t\t\t\t\t<time itemprop=\"dtstart\" datetime=\"2025-07-22T21:00:00+02:00\"><span class=\"date date-single\">22 juillet 2025<\/span> <span class=\"linking_word linking_word-from\">de<\/span> <span class=\"time time-start\">21h00<\/span> <span class=\"linking_word linking_word-to\">\u00e0<\/span> <span class=\"time time-end\">23h00<\/span>\n\t\t\t\t\t\t\t<\/time>\n\t\t\t\t\t\t<\/div><!-- .event_date --><span class=\"eventpost-status\">Planifi\u00e9<\/span>\n\t\t\t\t\t\t\t<span class=\"eventpost-date-export\">\n\t\t\t\t\t\t\t\t<a href=\"https:\/\/www.o-p-i.fr\/parlonsen\/eventpost\/65817.ics\" class=\"event_link event-export ics\" target=\"_blank\" title=\"T\u00e9l\u00e9charger au format ICS\">ical<\/a>\n\t\t\t\t\t\t\t\t<a href=\"https:\/\/www.google.com\/calendar\/event?action=TEMPLATE&trp=false&sprop=name&text=Cin%C3%A9+Monclar+-+Kneecap+VO&dates=20250722T210000%2F20250722T230000&location=Place+des+Capitouls%2C+82230+Monclar-de-Quercy&details=Mardi+22+juillet+2025+%C3%A0+21h.%0AKneecap+VO%0APour+voir+l%C2%A0+a+bande+annonce%2C+cliquez+ici%C2%A0%0A%5Bsiteorigin_widget+class%3D%22SiteOrigin_Widget_Video_Widget%22%5D%5B%2Fsiteorigin_widget%5D%0A%09Pour+voir+le+programme+illustr%C3%A9+cliquez+A4+148-OK%0AInformation+communiqu%C3%A9e+par+Guy+ROUMAGNAC%0A%0D%0A%0D%0AFiche+Annuaire%0D%0A%0D%0A%0D%0APlace+des+Capitouls%2C%0D%0A82230+Monclar-de-Quercy%0D%0ACin%C3%A9ma+Monclar+de+Quercy+%0D%0A%0D%0A%0D%0A%5Bsiteorigin_widget+class%3D%22WP_Widget_Block%22%5D%5B%2Fsiteorigin_widget%5D%0A%0Ahttps%3A%2F%2Fwww.o-p-i.fr%2Fparlonsen%2Fparlons-en%2Fculture%2Fcine-monclar-kneecap-vo%2F&gmt=%2B02&ctz=Europe\/Paris\" class=\"event_link event-export gcal\" target=\"_blank\" title=\"Ajouter \u00e0 Google agenda\">Google<\/a>\n\t\t\t\t\t\t\t\t<a href=\"https:\/\/www.o-p-i.fr\/parlonsen\/eventpost\/65817.vcs\" class=\"event_link event-export vcs\" target=\"_blank\" title=\"Ajouter \u00e0 Outlook\">outlook<\/a>\n\t\t\t\t\t\t\t\t<i class=\"dashicons-before dashicons-calendar\"><\/i>\n\t\t\t\t\t\t\t<\/span>\n\t\t\t\t\t<\/div><!-- .event_date --><\/div><!-- .event_item -->\r\n<hr><div class=\"event_item event_past status-EventScheduled location-type-OfflineEventAttendanceMode post_tag-cin\u00e9 post_tag-S2925 post_tag-anniversaire film post_tag-cin\u00e981 category-Culture category-N\u00b0 232-Juillet 2025 category-Loisirs category-Gaillac\" data-color=\"000000\" style=\"\"><a href=\"https:\/\/www.o-p-i.fr\/parlonsen\/parlons-en\/culture\/films-dangereux-a-gaillac-81\/\"><span class=\"event_thumbnail_wrap\"><img loading=\"lazy\" decoding=\"async\" width=\"225\" height=\"225\" src=\"https:\/\/i0.wp.com\/www.o-p-i.fr\/parlonsen\/wp-content\/uploads\/camera-cinema.jpg?fit=225%2C225&amp;ssl=1\" class=\"attachment-thumbnail wp-post-image event_thumbnail wp-post-image\" alt=\"\" srcset=\"https:\/\/i0.wp.com\/www.o-p-i.fr\/parlonsen\/wp-content\/uploads\/camera-cinema.jpg?w=225&amp;ssl=1 225w, https:\/\/i0.wp.com\/www.o-p-i.fr\/parlonsen\/wp-content\/uploads\/camera-cinema.jpg?resize=150%2C150&amp;ssl=1 150w, https:\/\/i0.wp.com\/www.o-p-i.fr\/parlonsen\/wp-content\/uploads\/camera-cinema.jpg?resize=100%2C100&amp;ssl=1 100w\" sizes=\"auto, (max-width: 225px) 100vw, 225px\" \/><\/span><h5>Films dangereux !...\u00e0 Gaillac (81) <\/h5><\/a><div class=\"event_data event_date \" itemscope itemtype=\"http:\/\/microformats.org\/profile\/hcard\">\n\t\t\t\t\t\t<div class=\"event_date\" data-start=\"vendredi 25 juillet 2025\" data-end=\"vendredi 25 juillet 2025\">\n\t\t\t\t\t\t\t<time itemprop=\"dtstart\" datetime=\"2025-07-25T18:30:00+02:00\"><span class=\"date date-single\">25 juillet 2025<\/span> <span class=\"linking_word linking_word-from\">de<\/span> <span class=\"time time-start\">18h30<\/span> <span class=\"linking_word linking_word-to\">\u00e0<\/span> <span class=\"time time-end\">23h00<\/span>\n\t\t\t\t\t\t\t<\/time>\n\t\t\t\t\t\t<\/div><!-- .event_date --><span class=\"eventpost-status\">Planifi\u00e9<\/span>\n\t\t\t\t\t\t\t<span class=\"eventpost-date-export\">\n\t\t\t\t\t\t\t\t<a href=\"https:\/\/www.o-p-i.fr\/parlonsen\/eventpost\/65754.ics\" class=\"event_link event-export ics\" target=\"_blank\" title=\"T\u00e9l\u00e9charger au format ICS\">ical<\/a>\n\t\t\t\t\t\t\t\t<a href=\"https:\/\/www.google.com\/calendar\/event?action=TEMPLATE&trp=false&sprop=name&text=Films+dangereux+%21...%C3%A0+Gaillac+%2881%29&dates=20250725T183000%2F20250725T230000&location=Gaillac%2C+Albi%2C+Tarn%2C+Occitanie%2C+France+m%C3%A9tropolitaine%2C+81600%2C+France&details=.Vendredi+25+juillet+2025.%C2%A0+Cin%C3%A9+81+%2C%C3%A0+18h.30+et+21h%2C+%0D%0ASoir%C3%A9e+anniversaire+50+ans%2C+Les+dents+de+la+mer+%21%0D%0A%0D%0A%0D%0ADepuis+50+ans%2C+sur+n%E2%80%99importe+quelle+plage+du+monde%2C+au+moment+de+s%E2%80%99aventurer+dans+l%E2%80%99eau%2C+il+y+a+comme+un+l%C3%A9ger+frisson+qui+parcourt+l%E2%80%99%C3%A9chine+des+baigneurs.+La+peur+est+primale+et+incontr%C3%B4lable.+%C2%AB+Quand+on+se+fait+toucher+le+pied%2C+%C3%A7a+fait+peur.+On+pense+directement+%C3%A0+un+requin+%C2%BB%2C+avoue+une+nageuse.+Il+aura+suffi+d%E2%80%99un+film%2C+un+seul%2C+sorti+en+1975%2C+pour+d%C3%A9clencher+une+psychose+durable+chez+les+baigneurs+du+monde+entier.%0D%0A%0D%0ALe+chef-d%E2%80%99%C5%93uvre+cin%C3%A9matographique+de+Steven+Spielberg%2C+%C2%AB+Les+Dents+de+la+mer+%C2%BB%2C+f%C3%AAtera+son+cinquanti%C3%A8me+anniversaire+le+20+juin+2025+et+sera+diffus%C3%A9+%C3%A0+Imagin+Cin%C3%A9mas+le+vendredi+25+juillet+2025+pour+une+soir%C3%A9e+requins.%0D%0A%0D%0A+%09Les+dents+de+la+mer+%C3%A0+18h30%0D%0A+%09Dangerous+animals+%C3%A0+21h%0D%0A%0D%0ATarif+les+deux+films+10+euros%0D%0A%0D%0AInformation+communiqu%C3%A9e+par+Cin%C3%A981%0D%0A%0D%0ARetrouvez+tous+les+%C3%A9v%C3%A9nements+dans+l%27agenda+%21%0A%0Ahttps%3A%2F%2Fwww.o-p-i.fr%2Fparlonsen%2Fparlons-en%2Fculture%2Ffilms-dangereux-a-gaillac-81%2F&gmt=%2B02&ctz=Europe\/Paris\" class=\"event_link event-export gcal\" target=\"_blank\" title=\"Ajouter \u00e0 Google agenda\">Google<\/a>\n\t\t\t\t\t\t\t\t<a href=\"https:\/\/www.o-p-i.fr\/parlonsen\/eventpost\/65754.vcs\" class=\"event_link event-export vcs\" target=\"_blank\" title=\"Ajouter \u00e0 Outlook\">outlook<\/a>\n\t\t\t\t\t\t\t\t<i class=\"dashicons-before dashicons-calendar\"><\/i>\n\t\t\t\t\t\t\t<\/span>\n\t\t\t\t\t<\/div><!-- .event_date --><\/div><!-- .event_item -->\r\n<hr><\/div><!-- .event_loop -->\n<\/div><\/div><\/div><\/div><\/div><div id=\"pg-65786-2\"  class=\"panel-grid panel-no-style\" ><div id=\"pgc-65786-2-0\"  class=\"panel-grid-cell\" ><div id=\"panel-65786-2-0-0\" class=\"widget_text so-panel widget widget_custom_html panel-first-child panel-last-child widgetopts-SO\" data-index=\"3\" ><div class=\"widget_text so-rounded panel-widget-style panel-widget-style-for-65786-2-0-0\" ><div class=\"textwidget custom-html-widget\"><p style=\"text-align:center\">\n\tEn 15 ans, plus de <strong>10 000 \u00e9v\u00e8nements<\/strong> publi\u00e9s sur Parlons-En !\n<\/p><\/div><\/div><\/div><\/div><div id=\"pgc-65786-2-1\"  class=\"panel-grid-cell\" ><div id=\"panel-65786-2-1-0\" class=\"so-panel widget widget_origin_button panel-first-child panel-last-child widgetopts-SO\" data-index=\"4\" ><div class=\"panel-widget-style panel-widget-style-for-65786-2-1-0\" ><div class=\"origin-widget origin-widget-button origin-widget-button-simple-green align-center\"><a href=\"https:\/\/www.o-p-i.fr\/aupays\/plans-adhesions\/\" \ntarget=\"_blank\" rel=\"noopener noreferrer\">\n\tAdh\u00e9sions OPI des Tescou&#039;s<\/a>\n<\/div><\/div><\/div><\/div><\/div><div id=\"pg-65786-3\"  class=\"panel-grid panel-no-style\" ><div id=\"pgc-65786-3-0\"  class=\"panel-grid-cell\" ><div id=\"panel-65786-3-0-0\" class=\"widget_text so-panel widget widget_custom_html panel-first-child widgetopts-SO\" data-index=\"5\" ><div class=\"widget_text panel-widget-style panel-widget-style-for-65786-3-0-0\" ><div class=\"textwidget custom-html-widget\"><h3>\n\t<i class=\"fa-solid fa-film fa-2x\"><\/i> Vid\u00e9os\n<\/h3><\/div><\/div><\/div><div id=\"panel-65786-3-0-1\" class=\"so-panel widget widgetopts-SO\" data-index=\"6\" ><\/div><div id=\"panel-65786-3-0-2\" class=\"so-panel widget widget_origin_button widgetopts-SO\" data-index=\"7\" ><div class=\"panel-widget-style panel-widget-style-for-65786-3-0-2\" ><div class=\"origin-widget origin-widget-button origin-widget-button-simple-slate align-center\"><a href=\"https:\/\/www.o-p-i.fr\/aupays\/au-pays\/petites-annonces\/postez-votre-annonce\/\" \n>\n\tD\u00e9poser une petite annonce sur OPI des Tescou&#039;s<\/a>\n<\/div><\/div><\/div><div id=\"panel-65786-3-0-3\" class=\"widget_text so-panel widget widget_custom_html widgetopts-SO\" data-index=\"8\" ><div class=\"textwidget custom-html-widget\"><h2>\n\tEn cours et \u00e0 venir ....\n<\/h2><\/div><\/div><div id=\"panel-65786-3-0-4\" class=\"widget_text so-panel widget widget_custom_html widgetopts-SO\" data-index=\"9\" ><div class=\"textwidget custom-html-widget\"><\/div><\/div><div id=\"panel-65786-3-0-5\" class=\"widget_text so-panel widget widget_custom_html panel-last-child widgetopts-SO\" data-index=\"10\" ><div class=\"widget_text so-rounded panel-widget-style panel-widget-style-for-65786-3-0-5\" ><div class=\"textwidget custom-html-widget\"><p style=\"text-align:center\">\n\t<a href=\"https:\/\/www.o-p-i.fr\/aupays\/sabonner-aux-lettres-dinformations\/\">Recevoir la lettre d'information Parlons-En !<\/a> \n<\/p><\/div><\/div><\/div><\/div><div id=\"pgc-65786-3-1\"  class=\"panel-grid-cell\" ><div id=\"panel-65786-3-1-0\" class=\"widget_text so-panel widget widget_custom_html panel-first-child widgetopts-SO\" data-index=\"11\" ><div class=\"widget_text panel-widget-style panel-widget-style-for-65786-3-1-0\" ><h3 class=\"widget-title\">Annoncer vos \u00e9v\u00e9nements sur OPI<\/h3><div class=\"textwidget custom-html-widget\"><hr>\n<h4>\n\tAnnoncer vos \u00e9v\u00e9nements sur OPI\n<\/h4>\n<i class=\"fa-regular fa-note-sticky\"><\/i> Simplifiez l'envoi de vos annonces d'\u00e9v\u00e9nements sur OPI des Tescou's avec le formulaire pr\u00e9vu \u00e0 cet effet. Vous pouvez d\u00e9sormais mettre en forme vous-m\u00eame la mise en page et envoyer vos images depuis le formulaire.\n<\/div><\/div><\/div><div id=\"panel-65786-3-1-1\" class=\"widget_text so-panel widget widget_custom_html widgetopts-SO\" data-index=\"12\" ><div class=\"widget_text so-rounded panel-widget-style panel-widget-style-for-65786-3-1-1\" ><div class=\"textwidget custom-html-widget\"><i class=\"fa-solid fa-bullhorn\"><\/i>\n<a href =\"https:\/\/www.o-p-i.fr\/aupays\/faites-le-savoir\/\" target=\"_blank\">Annoncer un \u00e9v\u00e9nement sur OPI des Tescou's<\/a>\n<\/div><\/div><\/div><div id=\"panel-65786-3-1-2\" class=\"widget_text so-panel widget widget_custom_html widgetopts-SO\" data-index=\"13\" ><div class=\"widget_text so-rounded panel-widget-style panel-widget-style-for-65786-3-1-2\" ><div class=\"textwidget custom-html-widget\"><b>Parlons-En ! 2025<\/b><br>\n<hr>\n<a href=\"https:\/\/www.o-p-i.fr\/aupays\/recommander-opi-des-tescous\/\">Recommander OPI des Tescou's <i class=\"fa-regular fa-heart\"><\/i> <i class=\"fa-regular fa-heart\"><\/i> <i class=\"fa-regular fa-heart\"><\/i><\/a><\/div><\/div><\/div><div id=\"panel-65786-3-1-3\" class=\"widget_text so-panel widget widget_custom_html widgetopts-SO\" data-index=\"14\" ><div class=\"textwidget custom-html-widget\"><div>\n\t<h2>\n\t\t<img decoding=\"async\" data-recalc-dims=\"1\" src=\"https:\/\/i0.wp.com\/www.o-p-i.fr\/parlonsen\/wp-content\/uploads\/camera-cinema.jpg?ssl=1\"   \/> \n\t\tCin\u00e9ma<\/h2> \n\t<hr>\n\t<h3>\n\t\tMonclar de quercy\n\t<\/h3>\n<\/div>\n\n<a href=\"https:\/\/www.o-p-i.fr\/parlonsen\/localisation\/monclar\/cinemonclar-le-programme-du-vendredi-18-avril-au-mardi-13-mai-2025-a-monclar-de-quercy-82\/\" target=\"_blank\">Programme du 16 mai au 10 juin 2025<\/a>\n<hr>\n<\/div><\/div><div id=\"panel-65786-3-1-4\" class=\"widget_text so-panel widget widget_custom_html widgetopts-SO\" data-index=\"15\" ><div class=\"textwidget custom-html-widget\"><h3>\n\t<a href=\"https:\/\/www.o-p-i.fr\/aupays\/au-pays\/annuaire\/\">Dans l'annuaire<\/a>\n<\/h3>\n<hr>\n\n<div class=\"card\" >\n<div class=\"card-body\">\n<h3 class=\"card-title text-center bg-light\">Cin\u00e9ma<\/h3>\n<a href=\"https:\/\/www.o-p-i.fr\/aupays\/annuaire\/loisirs\/cine-monclar\/\" target=\"_blank\" rel=\"noopener\">\n<img decoding=\"async\" data-recalc-dims=\"1\" class=\"card-img\" src=\"https:\/\/i0.wp.com\/www.o-p-i.fr\/aupays\/wp-content\/uploads\/Cin%C3%A9Monclar.jpg?ssl=1\" alt=\"Cin\u00e9 Monclar\" \/><\/a>\n<p class=\"card-text\">Place des Capitouls,\n82230 <a href=\"https:\/\/www.o-p-i.fr\/aupays\/monclar-de-quercy-82230\/\" target=\"_blank\" rel=\"noopener\">Monclar-de-Quercy<\/a><\/p>\n<a class=\"btn\" style=\"background-color: #0d2d5b;\" href=\"https:\/\/www.o-p-i.fr\/aupays\/annuaire\/loisirs\/cine-monclar\/\" target=\"_blank\" rel=\"noopener\">Cin\u00e9ma Monclar de Quercy <i class=\"fa-solid fa-arrow-up-right-from-square\"><\/i><\/a>\n\n<\/div>\n<\/div>\n<hr>\n\n<div class=\"card\" >\n<div class=\"card-body\">\n<h3 class=\"card-title text-center bg-light\">Boulangerie<\/h3>\n<a href=\"https:\/\/www.o-p-i.fr\/aupays\/vie-des-communes\/vie-a-monclar-de-quercy\/le-pain-rustique\/\" target=\"_blank\" rel=\"noopener\">\n<img decoding=\"async\" data-recalc-dims=\"1\" class=\"card-img\" src=\"https:\/\/i0.wp.com\/www.o-p-i.fr\/aupays\/wp-content\/uploads\/pain-rustique-e1627390672316.jpg?ssl=1\" alt=\"Le Pain Rustique\" \/><\/a>\n<p class=\"card-text\">15 Rue du Miech,\n82230 <a href=\"https:\/\/www.o-p-i.fr\/aupays\/monclar-de-quercy-82230\/\" target=\"_blank\" rel=\"noopener\">Monclar-de-Quercy<\/a><\/p>\n<a class=\"btn\" style=\"background-color: #0d2d5b;\" href=\"https:\/\/www.o-p-i.fr\/aupays\/vie-des-communes\/vie-a-monclar-de-quercy\/le-pain-rustique\/\" target=\"_blank\" rel=\"noopener\">Le Pain Rustique <i class=\"fa-solid fa-arrow-up-right-from-square\"><\/i><\/a>\n\n<\/div>\n<\/div>\n<hr>\n\n<div class=\"card\" >\n<div class=\"card-body\">\n<h3 class=\"card-title text-center bg-light\">Producteurs<\/h3>\n<a href=\"https:\/\/www.o-p-i.fr\/aupays\/vie-des-communes\/vie-a-monclar-de-quercy\/les-vergers-de-celine\/\" target=\"_blank\" rel=\"noopener\">\n<img decoding=\"async\" data-recalc-dims=\"1\" class=\"card-img\" src=\"https:\/\/i0.wp.com\/www.o-p-i.fr\/aupays\/wp-content\/uploads\/2025-01-12-logo-les-vergers-de-celine-2.jpg?ssl=1\" alt=\"Les Vergers de C\u00e9line\" \/><\/a>\n<p class=\"card-text\">La Pouzaque<br>\n1000, route de Va\u00eessac,<br>\n82230 <a href=\"https:\/\/www.o-p-i.fr\/aupays\/monclar-de-quercy-82230\/\" target=\"_blank\" rel=\"noopener\">Monclar-de-Quercy<\/a><\/p>\n<a class=\"btn\" style=\"background-color: #0d2d5b;\" href=\"https:\/\/www.o-p-i.fr\/aupays\/vie-des-communes\/vie-a-monclar-de-quercy\/les-vergers-de-celine\/\" target=\"_blank\" rel=\"noopener\">Les Vergers de C\u00e9line <i class=\"fa-solid fa-arrow-up-right-from-square\"><\/i><\/a>\n\n<\/div>\n<\/div>\n<hr>\n<\/div><\/div><div id=\"panel-65786-3-1-5\" class=\"so-panel widget widget_sow-post-carousel panel-last-child widgetopts-SO\" data-index=\"16\" ><div\n\t\t\t\n\t\t\tclass=\"so-widget-sow-post-carousel so-widget-sow-post-carousel-base-0471499d4c66-68169\"\n\t\t\t\n\t\t>\t<div\n\t\tclass=\"sow-post-carousel-wrapper sow-post-carousel-theme-base\"\n\t\tstyle=\"overflow: hidden; max-width: 100%; min-height: 182px\"\n\t>\n\t\t<div class=\"sow-carousel-title\">\n\t\t\t<div class=\"sow-carousel-navigation \">\n\t\t\t\t\t\t<a href=\"#\" class=\"sow-carousel-next\" title=\"Suivant\" aria-label=\"Next Posts\" role=\"button\"><\/a>\n\t\t\t\t\t\t<a href=\"#\" class=\"sow-carousel-previous\" title=\"Pr\u00e9c\u00e9dent\" aria-label=\"Previous Posts\" role=\"button\"><\/a>\n\t\t\t\t\t<\/div>\n\t<\/div>\n\n<div class=\"sow-carousel-container \">\n\t\t<div class=\"sow-carousel-wrapper\"\n\t\tdata-dir=\"ltr\"\n\t\tstyle=\"opacity: 0;\"\n\t\tdata-widget=\"post\" data-fetching=\"false\" data-page=\"1\" data-ajax-url=\"https:\/\/www.o-p-i.fr\/parlonsen\/wp-admin\/admin-ajax.php?_widgets_nonce=9db8dae5a8\" data-item_count=\"11225\" data-carousel_settings=\"{&quot;loop&quot;:true,&quot;animation&quot;:&quot;ease&quot;,&quot;animation_speed&quot;:400,&quot;autoplay&quot;:&quot;off&quot;,&quot;pauseOnHover&quot;:&quot;&quot;,&quot;autoplaySpeed&quot;:8000,&quot;item_overflow&quot;:true,&quot;autoplay_continuous_scroll&quot;:false}\" data-responsive=\"{&quot;desktop_slides_to_scroll&quot;:1,&quot;tablet_landscape_breakpoint&quot;:1366,&quot;tablet_landscape_slides_to_scroll&quot;:2,&quot;tablet_portrait_breakpoint&quot;:1025,&quot;tablet_portrait_slides_to_scroll&quot;:2,&quot;mobile_breakpoint&quot;:480,&quot;mobile_slides_to_scroll&quot;:1}\" data-variable_width=\"true\" \t>\n\t\t<div\n\t\t\tclass=\"sow-carousel-items\"\n\t\t\t\t\t>\n\t\t\t\t<div class=\"sow-carousel-item\" tabindex=\"-1\" style=\"float: left;\">\n\t\t<div class=\"sow-carousel-thumbnail\">\n\t\t\t\t\t\t\t<a\n\t\t\t\t\thref=\"https:\/\/www.o-p-i.fr\/parlonsen\/parlons-en\/culture\/cine-monclar-v-o-fuori\/\"\n\t\t\t\t\t\t\t\t\t\tstyle=\"background-image: url( https:\/\/i0.wp.com\/www.o-p-i.fr\/parlonsen\/wp-content\/uploads\/camera-cinema.jpg?resize=225%2C182&#038;ssl=1 )\"\n\t\t\t\t\taria-labelledby=\"sow-carousel-id-68164\"\n\t\t\t\t\ttabindex=\"-1\"\n\t\t\t\t>\n\t\t\t\t\t<span class=\"overlay\"><\/span>\n\t\t\t\t<\/a>\n\t\t\t\t\t<\/div>\n\t\t<h3 class=\"sow-carousel-item-title\">\n\t\t\t<a\n\t\t\t\thref=\"https:\/\/www.o-p-i.fr\/parlonsen\/parlons-en\/culture\/cine-monclar-v-o-fuori\/\"\n\t\t\t\tid=\"sow-carousel-id-68164\"\n\t\t\t\t\t\t\t\ttabindex=\"-1\"\n\t\t\t>\n\n\t\t\t\tCin\u00e9 Monclar &#8211; (V.O.) FUORI\t\t\t<\/a>\n\t\t<\/h3>\n\t<\/div>\n\t\t<div class=\"sow-carousel-item\" tabindex=\"-1\" style=\"float: left;\">\n\t\t<div class=\"sow-carousel-thumbnail\">\n\t\t\t\t\t\t\t<a\n\t\t\t\t\thref=\"https:\/\/www.o-p-i.fr\/parlonsen\/parlons-en\/culture\/cine-monclar-avatar-de-feu-et-de-cendres\/\"\n\t\t\t\t\t\t\t\t\t\tstyle=\"background-image: url( https:\/\/i0.wp.com\/www.o-p-i.fr\/parlonsen\/wp-content\/uploads\/camera-cinema.jpg?resize=225%2C182&#038;ssl=1 )\"\n\t\t\t\t\taria-labelledby=\"sow-carousel-id-68161\"\n\t\t\t\t\ttabindex=\"-1\"\n\t\t\t\t>\n\t\t\t\t\t<span class=\"overlay\"><\/span>\n\t\t\t\t<\/a>\n\t\t\t\t\t<\/div>\n\t\t<h3 class=\"sow-carousel-item-title\">\n\t\t\t<a\n\t\t\t\thref=\"https:\/\/www.o-p-i.fr\/parlonsen\/parlons-en\/culture\/cine-monclar-avatar-de-feu-et-de-cendres\/\"\n\t\t\t\tid=\"sow-carousel-id-68161\"\n\t\t\t\t\t\t\t\ttabindex=\"-1\"\n\t\t\t>\n\n\t\t\t\tCin\u00e9 Monclar &#8211; AVATAR : DE FEU ET DE CENDRES\t\t\t<\/a>\n\t\t<\/h3>\n\t<\/div>\n\t\t<div class=\"sow-carousel-item\" tabindex=\"-1\" style=\"float: left;\">\n\t\t<div class=\"sow-carousel-thumbnail\">\n\t\t\t\t\t\t\t<a\n\t\t\t\t\thref=\"https:\/\/www.o-p-i.fr\/parlonsen\/parlons-en\/culture\/cine-monclar-la-petite-cuisine-de-mehdi\/\"\n\t\t\t\t\t\t\t\t\t\tstyle=\"background-image: url( https:\/\/i0.wp.com\/www.o-p-i.fr\/parlonsen\/wp-content\/uploads\/camera-cinema.jpg?resize=225%2C182&#038;ssl=1 )\"\n\t\t\t\t\taria-labelledby=\"sow-carousel-id-68157\"\n\t\t\t\t\ttabindex=\"-1\"\n\t\t\t\t>\n\t\t\t\t\t<span class=\"overlay\"><\/span>\n\t\t\t\t<\/a>\n\t\t\t\t\t<\/div>\n\t\t<h3 class=\"sow-carousel-item-title\">\n\t\t\t<a\n\t\t\t\thref=\"https:\/\/www.o-p-i.fr\/parlonsen\/parlons-en\/culture\/cine-monclar-la-petite-cuisine-de-mehdi\/\"\n\t\t\t\tid=\"sow-carousel-id-68157\"\n\t\t\t\t\t\t\t\ttabindex=\"-1\"\n\t\t\t>\n\n\t\t\t\tCin\u00e9 Monclar &#8211; LA PETITE CUISINE DE MEHDI\t\t\t<\/a>\n\t\t<\/h3>\n\t<\/div>\n\t\t<div class=\"sow-carousel-item\" tabindex=\"-1\" style=\"float: left;\">\n\t\t<div class=\"sow-carousel-thumbnail\">\n\t\t\t\t\t\t\t<a\n\t\t\t\t\thref=\"https:\/\/www.o-p-i.fr\/parlonsen\/parlons-en\/culture\/cine-monclar-le-gang-des-amazones\/\"\n\t\t\t\t\t\t\t\t\t\tstyle=\"background-image: url( https:\/\/i0.wp.com\/www.o-p-i.fr\/parlonsen\/wp-content\/uploads\/camera-cinema.jpg?resize=225%2C182&#038;ssl=1 )\"\n\t\t\t\t\taria-labelledby=\"sow-carousel-id-68154\"\n\t\t\t\t\ttabindex=\"-1\"\n\t\t\t\t>\n\t\t\t\t\t<span class=\"overlay\"><\/span>\n\t\t\t\t<\/a>\n\t\t\t\t\t<\/div>\n\t\t<h3 class=\"sow-carousel-item-title\">\n\t\t\t<a\n\t\t\t\thref=\"https:\/\/www.o-p-i.fr\/parlonsen\/parlons-en\/culture\/cine-monclar-le-gang-des-amazones\/\"\n\t\t\t\tid=\"sow-carousel-id-68154\"\n\t\t\t\t\t\t\t\ttabindex=\"-1\"\n\t\t\t>\n\n\t\t\t\tCin\u00e9 Monclar &#8211; LE GANG DES AMAZONES\t\t\t<\/a>\n\t\t<\/h3>\n\t<\/div>\n\t\t<div class=\"sow-carousel-item\" tabindex=\"-1\" style=\"float: left;\">\n\t\t<div class=\"sow-carousel-thumbnail\">\n\t\t\t\t\t\t\t<a\n\t\t\t\t\thref=\"https:\/\/www.o-p-i.fr\/parlonsen\/localisation\/au-pays-des-tescous\/monclar\/lamichemin-le-jeudi-cest-cafe-asso-a-monclar-de-quercy-82-15\/\"\n\t\t\t\t\t\t\t\t\t\tstyle=\"background-image: url( https:\/\/i0.wp.com\/www.o-p-i.fr\/parlonsen\/wp-content\/uploads\/lamichemin-en-tete.jpeg?resize=272%2C182&#038;ssl=1 )\"\n\t\t\t\t\taria-labelledby=\"sow-carousel-id-68151\"\n\t\t\t\t\ttabindex=\"-1\"\n\t\t\t\t>\n\t\t\t\t\t<span class=\"overlay\"><\/span>\n\t\t\t\t<\/a>\n\t\t\t\t\t<\/div>\n\t\t<h3 class=\"sow-carousel-item-title\">\n\t\t\t<a\n\t\t\t\thref=\"https:\/\/www.o-p-i.fr\/parlonsen\/localisation\/au-pays-des-tescous\/monclar\/lamichemin-le-jeudi-cest-cafe-asso-a-monclar-de-quercy-82-15\/\"\n\t\t\t\tid=\"sow-carousel-id-68151\"\n\t\t\t\t\t\t\t\ttabindex=\"-1\"\n\t\t\t>\n\n\t\t\t\tLaMICHEmin &#8211; Le jeudi, c&rsquo;est Caf\u00e9 asso &#8230; \u00e0 Monclar de Quercy (82)\t\t\t<\/a>\n\t\t<\/h3>\n\t<\/div>\n\t\t<div class=\"sow-carousel-item\" tabindex=\"-1\" style=\"float: left;\">\n\t\t<div class=\"sow-carousel-thumbnail\">\n\t\t\t\t\t\t\t<a\n\t\t\t\t\thref=\"https:\/\/www.o-p-i.fr\/parlonsen\/parlons-en\/pratique\/mairie-de-couffouleux-informations-mensuelles\/\"\n\t\t\t\t\t\t\t\t\t\tstyle=\"background-image: url( https:\/\/i0.wp.com\/www.o-p-i.fr\/parlonsen\/wp-content\/uploads\/blason_coufouleux.svg_.png?resize=250%2C182&#038;ssl=1 )\"\n\t\t\t\t\taria-labelledby=\"sow-carousel-id-68132\"\n\t\t\t\t\ttabindex=\"-1\"\n\t\t\t\t>\n\t\t\t\t\t<span class=\"overlay\"><\/span>\n\t\t\t\t<\/a>\n\t\t\t\t\t<\/div>\n\t\t<h3 class=\"sow-carousel-item-title\">\n\t\t\t<a\n\t\t\t\thref=\"https:\/\/www.o-p-i.fr\/parlonsen\/parlons-en\/pratique\/mairie-de-couffouleux-informations-mensuelles\/\"\n\t\t\t\tid=\"sow-carousel-id-68132\"\n\t\t\t\t\t\t\t\ttabindex=\"-1\"\n\t\t\t>\n\n\t\t\t\tMairie de Couffouleux &#8211; Informations mensuelles\t\t\t<\/a>\n\t\t<\/h3>\n\t<\/div>\n\t\t<div class=\"sow-carousel-item\" tabindex=\"-1\" style=\"float: left;\">\n\t\t<div class=\"sow-carousel-thumbnail\">\n\t\t\t\t\t\t\t<a\n\t\t\t\t\thref=\"https:\/\/www.o-p-i.fr\/parlonsen\/parlons-en\/culture\/cine-monclar-v-o-bugonia\/\"\n\t\t\t\t\t\t\t\t\t\tstyle=\"background-image: url( https:\/\/i0.wp.com\/www.o-p-i.fr\/parlonsen\/wp-content\/uploads\/camera-cinema.jpg?resize=225%2C182&#038;ssl=1 )\"\n\t\t\t\t\taria-labelledby=\"sow-carousel-id-68128\"\n\t\t\t\t\ttabindex=\"-1\"\n\t\t\t\t>\n\t\t\t\t\t<span class=\"overlay\"><\/span>\n\t\t\t\t<\/a>\n\t\t\t\t\t<\/div>\n\t\t<h3 class=\"sow-carousel-item-title\">\n\t\t\t<a\n\t\t\t\thref=\"https:\/\/www.o-p-i.fr\/parlonsen\/parlons-en\/culture\/cine-monclar-v-o-bugonia\/\"\n\t\t\t\tid=\"sow-carousel-id-68128\"\n\t\t\t\t\t\t\t\ttabindex=\"-1\"\n\t\t\t>\n\n\t\t\t\tCin\u00e9 Monclar &#8211; (V.O.) BUGONIA\t\t\t<\/a>\n\t\t<\/h3>\n\t<\/div>\n\t\t<div class=\"sow-carousel-item\" tabindex=\"-1\" style=\"float: left;\">\n\t\t<div class=\"sow-carousel-thumbnail\">\n\t\t\t\t\t\t\t<a\n\t\t\t\t\thref=\"https:\/\/www.o-p-i.fr\/parlonsen\/parlons-en\/culture\/cine-monclar-on-vous-croit\/\"\n\t\t\t\t\t\t\t\t\t\tstyle=\"background-image: url( https:\/\/i0.wp.com\/www.o-p-i.fr\/parlonsen\/wp-content\/uploads\/camera-cinema.jpg?resize=225%2C182&#038;ssl=1 )\"\n\t\t\t\t\taria-labelledby=\"sow-carousel-id-68125\"\n\t\t\t\t\ttabindex=\"-1\"\n\t\t\t\t>\n\t\t\t\t\t<span class=\"overlay\"><\/span>\n\t\t\t\t<\/a>\n\t\t\t\t\t<\/div>\n\t\t<h3 class=\"sow-carousel-item-title\">\n\t\t\t<a\n\t\t\t\thref=\"https:\/\/www.o-p-i.fr\/parlonsen\/parlons-en\/culture\/cine-monclar-on-vous-croit\/\"\n\t\t\t\tid=\"sow-carousel-id-68125\"\n\t\t\t\t\t\t\t\ttabindex=\"-1\"\n\t\t\t>\n\n\t\t\t\tCin\u00e9 Monclar &#8211; ON VOUS CROIT\t\t\t<\/a>\n\t\t<\/h3>\n\t<\/div>\n\t\t<div class=\"sow-carousel-item\" tabindex=\"-1\" style=\"float: left;\">\n\t\t<div class=\"sow-carousel-thumbnail\">\n\t\t\t\t\t\t\t<a\n\t\t\t\t\thref=\"https:\/\/www.o-p-i.fr\/parlonsen\/parlons-en\/culture\/cine-monclar-le-chant-des-forets\/\"\n\t\t\t\t\t\t\t\t\t\tstyle=\"background-image: url( https:\/\/i0.wp.com\/www.o-p-i.fr\/parlonsen\/wp-content\/uploads\/camera-cinema.jpg?resize=225%2C182&#038;ssl=1 )\"\n\t\t\t\t\taria-labelledby=\"sow-carousel-id-68122\"\n\t\t\t\t\ttabindex=\"-1\"\n\t\t\t\t>\n\t\t\t\t\t<span class=\"overlay\"><\/span>\n\t\t\t\t<\/a>\n\t\t\t\t\t<\/div>\n\t\t<h3 class=\"sow-carousel-item-title\">\n\t\t\t<a\n\t\t\t\thref=\"https:\/\/www.o-p-i.fr\/parlonsen\/parlons-en\/culture\/cine-monclar-le-chant-des-forets\/\"\n\t\t\t\tid=\"sow-carousel-id-68122\"\n\t\t\t\t\t\t\t\ttabindex=\"-1\"\n\t\t\t>\n\n\t\t\t\tCin\u00e9 Monclar &#8211; LE CHANT DES F\u00d4RETS\t\t\t<\/a>\n\t\t<\/h3>\n\t<\/div>\n\t\t<div class=\"sow-carousel-item\" tabindex=\"-1\" style=\"float: left;\">\n\t\t<div class=\"sow-carousel-thumbnail\">\n\t\t\t\t\t\t\t<a\n\t\t\t\t\thref=\"https:\/\/www.o-p-i.fr\/parlonsen\/parlons-en\/culture\/cine-monclar-des-preuves-damour\/\"\n\t\t\t\t\t\t\t\t\t\tstyle=\"background-image: url( https:\/\/i0.wp.com\/www.o-p-i.fr\/parlonsen\/wp-content\/uploads\/camera-cinema.jpg?resize=225%2C182&#038;ssl=1 )\"\n\t\t\t\t\taria-labelledby=\"sow-carousel-id-68119\"\n\t\t\t\t\ttabindex=\"-1\"\n\t\t\t\t>\n\t\t\t\t\t<span class=\"overlay\"><\/span>\n\t\t\t\t<\/a>\n\t\t\t\t\t<\/div>\n\t\t<h3 class=\"sow-carousel-item-title\">\n\t\t\t<a\n\t\t\t\thref=\"https:\/\/www.o-p-i.fr\/parlonsen\/parlons-en\/culture\/cine-monclar-des-preuves-damour\/\"\n\t\t\t\tid=\"sow-carousel-id-68119\"\n\t\t\t\t\t\t\t\ttabindex=\"-1\"\n\t\t\t>\n\n\t\t\t\tCin\u00e9 Monclar &#8211; DES PREUVES D&rsquo;AMOUR\t\t\t<\/a>\n\t\t<\/h3>\n\t<\/div>\n\t\t\t<\/div>\n\t\t\t<\/div>\n\n\t<\/div>\n\t\t<input type=\"hidden\" name=\"instance_hash\" value=\"327de237\"\/>\n\t<\/div>\n<\/div><\/div><\/div><\/div><\/div>","protected":false},"excerpt":{"rendered":"<div class=\"mh-excerpt\">Vendredi 02 janvier 2026\u00a0\u00e0 20h30 DES PREUVES D&rsquo;AMOUR Pour voir la bande annonce, cliquez ici\u00a0 Pour voir le programme illustr\u00e9 cliquez ici Information communiqu\u00e9e par Guy ROUMAGNAC<\/div>\n<p> <a class=\"mh-excerpt-more\" href=\"https:\/\/www.o-p-i.fr\/parlonsen\/parlons-en\/culture\/cine-monclar-des-preuves-damour\/\" title=\"Cin\u00e9 Monclar &#8211; DES PREUVES D&rsquo;AMOUR\">[&#8230;]<\/a><\/p>\n","protected":false},"author":9,"featured_media":0,"parent":0,"menu_order":0,"comment_status":"closed","ping_status":"closed","template":"template-full.php","meta":{"om_disable_all_campaigns":false,"advanced_seo_description":"","jetpack_seo_html_title":"","jetpack_seo_noindex":false,"footnotes":"","_links_to":"","_links_to_target":""},"class_list":["post-65786","page","type-page","status-publish"],"jetpack_likes_enabled":true,"jetpack_sharing_enabled":true,"jetpack_shortlink":"https:\/\/wp.me\/Pg7Wxj-h74","jetpack-related-posts":[],"_links":{"self":[{"href":"https:\/\/www.o-p-i.fr\/parlonsen\/wp-json\/wp\/v2\/pages\/65786","targetHints":{"allow":["GET"]}}],"collection":[{"href":"https:\/\/www.o-p-i.fr\/parlonsen\/wp-json\/wp\/v2\/pages"}],"about":[{"href":"https:\/\/www.o-p-i.fr\/parlonsen\/wp-json\/wp\/v2\/types\/page"}],"author":[{"embeddable":true,"href":"https:\/\/www.o-p-i.fr\/parlonsen\/wp-json\/wp\/v2\/users\/9"}],"replies":[{"embeddable":true,"href":"https:\/\/www.o-p-i.fr\/parlonsen\/wp-json\/wp\/v2\/comments?post=65786"}],"version-history":[{"count":0,"href":"https:\/\/www.o-p-i.fr\/parlonsen\/wp-json\/wp\/v2\/pages\/65786\/revisions"}],"wp:attachment":[{"href":"https:\/\/www.o-p-i.fr\/parlonsen\/wp-json\/wp\/v2\/media?parent=65786"}],"curies":[{"name":"wp","href":"https:\/\/api.w.org\/{rel}","templated":true}]}}